{"id":8940,"date":"2021-09-10T14:17:44","date_gmt":"2021-09-10T14:17:44","guid":{"rendered":"https:\/\/www.rentmenow.it\/location-de-scooter-politique-de-confidentialite\/"},"modified":"2021-09-10T14:17:44","modified_gmt":"2021-09-10T14:17:44","slug":"location-de-scooter-politique-de-confidentialite","status":"publish","type":"page","link":"https:\/\/www.rentmenow.it\/fr\/location-de-scooter-politique-de-confidentialite\/","title":{"rendered":"Location de scooter | Politique de confidentialit\u00e9"},"content":{"rendered":"<p>Rent me now! Politique de confidentialit\u00e9 <br \/>\nCe site web collecte les donn\u00e9es personnelles de l&rsquo;utilisateur.<br \/>\nResponsable du traitement<br \/>\nRent me now<br \/>\nEmail : info@rentmenow.it<br \/>\nTypes de donn\u00e9es collect\u00e9es<br \/>\nParmi les donn\u00e9es personnelles collect\u00e9es par ce site, directement ou par l&rsquo;interm\u00e9diaire de tiers, figurent : Cookies, donn\u00e9es d&rsquo;utilisation.<br \/>\nLes d\u00e9tails complets sur chaque type de donn\u00e9es collect\u00e9es sont fournis dans les sections d\u00e9di\u00e9es de cette politique de confidentialit\u00e9 ou par des textes d&rsquo;information sp\u00e9cifiques affich\u00e9s avant la collecte des donn\u00e9es.<br \/>\nLes donn\u00e9es personnelles peuvent \u00eatre librement fournies par l&rsquo;utilisateur ou, dans le cas des donn\u00e9es d&rsquo;utilisation, collect\u00e9es automatiquement lors de l&rsquo;utilisation de ce site.<br \/>\nSauf indication contraire, toutes les donn\u00e9es demand\u00e9es par ce site sont obligatoires ou n\u00e9cessaires \u00e0 son fonctionnement. Si l&rsquo;utilisateur refuse de les communiquer, il peut \u00eatre impossible pour ce site de fournir le service demand\u00e9. Dans les cas o\u00f9 ce site indique certaines donn\u00e9es comme facultatives, les utilisateurs sont libres de ne pas communiquer ces donn\u00e9es, sans que cela n&rsquo;ait de cons\u00e9quence sur la disponibilit\u00e9 du service ou sur son fonctionnement.  <br \/>\nLes utilisateurs qui ont des doutes sur les donn\u00e9es obligatoires peuvent contacter le propri\u00e9taire.<br \/>\nToute utilisation de cookies \u2013 ou d&rsquo;autres outils de suivi \u2013 par ce site ou par des prestataires de services tiers utilis\u00e9s sur ce site, sauf indication contraire, vise \u00e0 fournir le service demand\u00e9 par l&rsquo;utilisateur, en plus des autres finalit\u00e9s d\u00e9crites dans ce document et dans la politique relative aux cookies, si disponible.<br \/>\nL&rsquo;utilisateur assume la responsabilit\u00e9 des donn\u00e9es personnelles de tiers obtenues, publi\u00e9es ou partag\u00e9es par l&rsquo;interm\u00e9diaire de ce site et garantit avoir le droit de les communiquer ou de les diffuser, lib\u00e9rant le propri\u00e9taire de toute responsabilit\u00e9 envers les tiers.<\/p>\n<p>M\u00e9thodes et lieu de traitement des donn\u00e9es<br \/>\nM\u00e9thode de traitement<br \/>\nLe responsable du traitement prend les mesures de s\u00e9curit\u00e9 appropri\u00e9es pour emp\u00eacher l&rsquo;acc\u00e8s, la divulgation, la modification ou la destruction non autoris\u00e9s des donn\u00e9es personnelles.<br \/>\nLe traitement est effectu\u00e9 \u00e0 l&rsquo;aide d&rsquo;outils informatiques et\/ou t\u00e9l\u00e9matiques, avec des m\u00e9thodes organisationnelles et des logiques strictement li\u00e9es aux finalit\u00e9s indiqu\u00e9es. Outre le responsable du traitement, dans certains cas, d&rsquo;autres personnes impliqu\u00e9es dans l&rsquo;organisation de ce site (personnel administratif, commercial, marketing, juridique, administrateurs syst\u00e8me) ou des sujets externes (comme des prestataires de services techniques tiers, transporteurs postaux, h\u00e9bergeurs, soci\u00e9t\u00e9s informatiques, agences de communication) peuvent \u00e9galement \u00eatre, si n\u00e9cessaire, d\u00e9sign\u00e9s comme sous-traitants par le responsable du traitement. La liste mise \u00e0 jour des responsables peut toujours \u00eatre demand\u00e9e au responsable du traitement.  <br \/>\nBase juridique du traitement<br \/>\nLe responsable du traitement traite les donn\u00e9es personnelles relatives \u00e0 l&rsquo;utilisateur lorsque l&rsquo;une des conditions suivantes existe :<br \/>\nL&rsquo;utilisateur a donn\u00e9 son consentement pour une ou plusieurs finalit\u00e9s sp\u00e9cifiques ; Note : dans certaines juridictions, le responsable peut \u00eatre autoris\u00e9 \u00e0 traiter les donn\u00e9es personnelles sans le consentement de l&rsquo;utilisateur ou sans une autre des bases l\u00e9gales sp\u00e9cifi\u00e9es ci-dessous, tant que l&rsquo;utilisateur ne s&rsquo;oppose pas (\u00ab opt-out \u00bb) \u00e0 ce traitement. Cependant, cela n&rsquo;est pas applicable si le traitement des donn\u00e9es personnelles est r\u00e9glement\u00e9 par la l\u00e9gislation europ\u00e9enne en mati\u00e8re de protection des donn\u00e9es personnelles ;<br \/>Le traitement est n\u00e9cessaire \u00e0 l&rsquo;ex\u00e9cution d&rsquo;un contrat avec l&rsquo;utilisateur et\/ou \u00e0 l&rsquo;ex\u00e9cution de mesures pr\u00e9contractuelles ;<br \/>Le traitement est n\u00e9cessaire pour respecter une obligation l\u00e9gale \u00e0 laquelle le responsable du traitement est soumis ;<br \/>Le traitement est n\u00e9cessaire \u00e0 l&rsquo;ex\u00e9cution d&rsquo;une mission d&rsquo;int\u00e9r\u00eat public ou \u00e0 l&rsquo;exercice de l&rsquo;autorit\u00e9 publique dont est investi le responsable du traitement ;<br \/>Le traitement est n\u00e9cessaire aux fins des int\u00e9r\u00eats l\u00e9gitimes poursuivis par le responsable du traitement ou par un tiers.<br \/>Il est toutefois toujours possible de demander au responsable du traitement de clarifier la base juridique concr\u00e8te de chaque traitement et en particulier de pr\u00e9ciser si le traitement est fond\u00e9 sur la loi, pr\u00e9vu par un contrat ou n\u00e9cessaire \u00e0 la conclusion d&rsquo;un contrat. <br \/>\nLieu<br \/>\nLes donn\u00e9es sont trait\u00e9es au si\u00e8ge op\u00e9rationnel du responsable du traitement et dans tout autre lieu o\u00f9 se trouvent les parties impliqu\u00e9es dans le traitement. Pour plus d&rsquo;informations, contacte le responsable. <br \/>\nLes donn\u00e9es personnelles de l&rsquo;utilisateur peuvent \u00eatre transf\u00e9r\u00e9es vers un pays autre que celui dans lequel l&rsquo;utilisateur se trouve. Pour plus d&rsquo;informations sur le lieu de traitement, l&rsquo;utilisateur peut se r\u00e9f\u00e9rer \u00e0 la section concernant le traitement des donn\u00e9es personnelles. <br \/>\nTu as le droit d&rsquo;obtenir des informations concernant la base juridique du transfert de donn\u00e9es hors de l&rsquo;Union europ\u00e9enne ou vers une organisation internationale de droit international public ou constitu\u00e9e par deux pays ou plus, comme les Nations Unies, ainsi que sur les mesures de s\u00e9curit\u00e9 prises par le responsable du traitement pour prot\u00e9ger les donn\u00e9es.<br \/>\nSi l&rsquo;un des transferts d\u00e9crits ci-dessus a lieu, l&rsquo;utilisateur peut se r\u00e9f\u00e9rer aux sections respectives de ce document ou demander des informations au responsable du traitement en le contactant aux coordonn\u00e9es indiqu\u00e9es en ouverture.<br \/>\n<br \/>P\u00e9riodes de conservation<br \/>\nLes donn\u00e9es sont trait\u00e9es et conserv\u00e9es pendant le temps n\u00e9cessaire aux finalit\u00e9s pour lesquelles elles ont \u00e9t\u00e9 collect\u00e9es.<br \/>\n<br \/>Ainsi :<br \/>\nLes donn\u00e9es personnelles collect\u00e9es pour des finalit\u00e9s li\u00e9es \u00e0 l&rsquo;ex\u00e9cution d&rsquo;un contrat entre le responsable et l&rsquo;utilisateur seront conserv\u00e9es jusqu&rsquo;\u00e0 la compl\u00e8te ex\u00e9cution du contrat.<br \/>Les donn\u00e9es personnelles collect\u00e9es pour des finalit\u00e9s li\u00e9es \u00e0 l&rsquo;int\u00e9r\u00eat l\u00e9gitime du responsable seront conserv\u00e9es jusqu&rsquo;\u00e0 la satisfaction de cet int\u00e9r\u00eat. L&rsquo;utilisateur peut obtenir plus d&rsquo;informations concernant l&rsquo;int\u00e9r\u00eat l\u00e9gitime poursuivi par le responsable dans les sections pertinentes de ce document ou en contactant le responsable du traitement. Lorsque le traitement est bas\u00e9 sur le consentement de l&rsquo;utilisateur, le responsable du traitement peut conserver les donn\u00e9es personnelles plus longtemps jusqu&rsquo;\u00e0 ce que ce consentement soit r\u00e9voqu\u00e9. En outre, le responsable du traitement peut \u00eatre oblig\u00e9 de conserver les donn\u00e9es personnelles pendant une p\u00e9riode plus longue conform\u00e9ment \u00e0 une obligation l\u00e9gale ou sur ordre d&rsquo;une autorit\u00e9.   <br \/>\n\u00c0 l&rsquo;expiration de la p\u00e9riode de conservation, les donn\u00e9es personnelles seront supprim\u00e9es. Par cons\u00e9quent, \u00e0 l&rsquo;expiration de ce d\u00e9lai, le droit d&rsquo;acc\u00e8s, d&rsquo;effacement, de rectification et le droit \u00e0 la portabilit\u00e9 des donn\u00e9es ne pourront plus \u00eatre exerc\u00e9s. <br \/>\nFinalit\u00e9s du traitement des donn\u00e9es<br \/>\n<br \/>Les donn\u00e9es concernant l&rsquo;utilisateur sont collect\u00e9es pour permettre au responsable de fournir les services, ainsi que pour les finalit\u00e9s suivantes : Analyse.<br \/>\nPour des informations d\u00e9taill\u00e9es suppl\u00e9mentaires sur les finalit\u00e9s du traitement et sur les donn\u00e9es personnelles concr\u00e8tement pertinentes pour chaque finalit\u00e9, l&rsquo;utilisateur peut se r\u00e9f\u00e9rer aux sections correspondantes de ce document.<br \/>\n<br \/>D\u00e9tails sur le traitement des donn\u00e9es personnelles<br \/>\nLes donn\u00e9es personnelles sont collect\u00e9es pour les finalit\u00e9s suivantes et en utilisant les services suivants :<\/p>\n<p>Analyse<br \/>\nLes services de cette section permettent au responsable du traitement de surveiller et d&rsquo;analyser le trafic et servent \u00e0 suivre le comportement de l&rsquo;utilisateur.<br \/>\nMatomo<br \/>\n<br \/>Matomo est un logiciel statistique utilis\u00e9 par ce site web pour analyser les donn\u00e9es directement et sans l&rsquo;aide de tiers.<br \/>\nCollecte de donn\u00e9es personnelles : Cookies et donn\u00e9es d&rsquo;utilisation.<br \/>\nDroits de l&rsquo;utilisateur<br \/>\nLes utilisateurs peuvent exercer certains droits concernant les donn\u00e9es trait\u00e9es par le responsable du traitement.<br \/>\nEn particulier, l&rsquo;utilisateur a le droit de :<br \/>\nR\u00e9voquer son consentement \u00e0 tout moment. L&rsquo;utilisateur peut r\u00e9voquer le consentement au traitement de ses donn\u00e9es personnelles pr\u00e9c\u00e9demment exprim\u00e9.<br \/>S&rsquo;opposer au traitement de ses donn\u00e9es. L&rsquo;utilisateur peut s&rsquo;opposer au traitement de ses donn\u00e9es lorsqu&rsquo;il intervient sur une base juridique autre que le consentement.<br \/>Plus de d\u00e9tails sur le droit d&rsquo;opposition sont indiqu\u00e9s dans la section ci-dessous.<br \/>Acc\u00e9der \u00e0 ses donn\u00e9es. L&rsquo;utilisateur a le droit d&rsquo;obtenir des informations sur les donn\u00e9es trait\u00e9es par le responsable du traitement, sur certains aspects du traitement et de recevoir une copie des donn\u00e9es trait\u00e9es.<br \/>V\u00e9rifier et demander la rectification. L&rsquo;utilisateur peut v\u00e9rifier l&rsquo;exactitude de ses donn\u00e9es et en demander la mise \u00e0 jour ou la correction.<br \/>Obtenir la limitation du traitement. Lorsque certaines conditions sont remplies, l&rsquo;utilisateur peut demander la limitation du traitement de ses donn\u00e9es. Dans ce cas, le responsable du traitement ne traitera pas les donn\u00e9es \u00e0 d&rsquo;autres fins que leur conservation.<br \/>Obtenir l&rsquo;effacement de ses donn\u00e9es personnelles. Lorsque certaines conditions sont remplies, l&rsquo;utilisateur peut demander l&rsquo;effacement de ses donn\u00e9es par le responsable.<br \/>Recevoir ses donn\u00e9es ou les faire transf\u00e9rer \u00e0 un autre responsable. Tu as le droit de recevoir tes donn\u00e9es dans un format structur\u00e9, couramment utilis\u00e9 et lisible par machine et, lorsque cela est techniquement possible, d&rsquo;en obtenir le transfert sans entrave \u00e0 un autre responsable. Cette disposition est applicable lorsque les donn\u00e9es sont trait\u00e9es avec des outils automatis\u00e9s et que le traitement est fond\u00e9 sur le consentement de l&rsquo;utilisateur, sur un contrat dont l&rsquo;utilisateur est partie ou sur des mesures contractuelles qui y sont li\u00e9es.<br \/>Porter plainte. L&rsquo;utilisateur peut porter plainte aupr\u00e8s de l&rsquo;autorit\u00e9 de contr\u00f4le de la protection des donn\u00e9es personnelles comp\u00e9tente ou agir en justice.      <br \/>\nD\u00e9tails sur le droit d&rsquo;opposition<br \/>\nLorsque les donn\u00e9es personnelles sont trait\u00e9es dans l&rsquo;int\u00e9r\u00eat public, dans l&rsquo;exercice d&rsquo;une autorit\u00e9 publique dont est investi le responsable du traitement ou pour poursuivre un int\u00e9r\u00eat l\u00e9gitime du responsable, les utilisateurs ont le droit de s&rsquo;opposer au traitement pour des raisons tenant \u00e0 leur situation particuli\u00e8re.<br \/>\nIl est rappel\u00e9 que si tes donn\u00e9es sont trait\u00e9es \u00e0 des fins de marketing direct, tu peux t&rsquo;opposer au traitement sans fournir de motif. Pour savoir si le responsable traite des donn\u00e9es \u00e0 des fins de marketing direct, les utilisateurs peuvent se r\u00e9f\u00e9rer aux sections respectives de ce document. <br \/>\nComment exercer ces droits<br \/>\nPour exercer leurs droits, les utilisateurs peuvent adresser une demande aux coordonn\u00e9es du responsable du traitement indiqu\u00e9es dans ce document. Les demandes sont d\u00e9pos\u00e9es gratuitement et trait\u00e9es par le responsable dans les meilleurs d\u00e9lais, en tout cas dans un d\u00e9lai d&rsquo;un mois. <br \/>\nAutres informations sur le traitement<br \/>\nD\u00e9fense en justice<br \/>\nLes donn\u00e9es personnelles de l&rsquo;utilisateur peuvent \u00eatre utilis\u00e9es par le responsable en justice ou dans les phases pr\u00e9paratoires \u00e0 son \u00e9ventuelle mise en place pour la d\u00e9fense contre les abus dans l&rsquo;utilisation de ce site ou des services connexes par l&rsquo;utilisateur.<br \/>L&rsquo;utilisateur d\u00e9clare \u00eatre conscient que le responsable du traitement peut \u00eatre tenu de r\u00e9v\u00e9ler les donn\u00e9es \u00e0 la demande des autorit\u00e9s publiques.<br \/>\nInformations sp\u00e9cifiques<br \/>\n\u00c0 la demande de l&rsquo;utilisateur, en plus des informations contenues dans cette politique de confidentialit\u00e9, ce site peut fournir \u00e0 l&rsquo;utilisateur des informations additionnelles et contextuelles concernant des services sp\u00e9cifiques, ou la collecte et le traitement de donn\u00e9es personnelles.<br \/>\n<br \/>Journaux syst\u00e8me et maintenance<br \/>\nPour des besoins de fonctionnement et de maintenance, ce site et les services tiers qu&rsquo;il utilise peuvent collecter des journaux syst\u00e8me, soit des fichiers qui enregistrent les interactions et qui peuvent contenir des donn\u00e9es personnelles, telles que l&rsquo;adresse IP de l&rsquo;utilisateur.<br \/>\n<br \/>Informations non contenues dans cette politique<br \/>\nDes informations suppl\u00e9mentaires concernant le traitement des donn\u00e9es personnelles peuvent \u00eatre demand\u00e9es \u00e0 tout moment au responsable du traitement en utilisant les coordonn\u00e9es de contact.<br \/>\nR\u00e9ponse aux demandes \u00ab Do Not Track \u00bb<br \/>\nCe site web ne prend pas en charge les demandes \u00ab Do Not Track \u00bb.<br \/>\nPour conna\u00eetre les services tiers que tu utilises, consulte la politique de confidentialit\u00e9.<br \/>\nModifications de cette politique de confidentialit\u00e9<br \/>\nLe responsable du traitement se r\u00e9serve le droit d&rsquo;apporter des modifications \u00e0 cette politique de confidentialit\u00e9 \u00e0 tout moment en donnant avis aux utilisateurs sur cette page et, si possible, sur ce site web ainsi que, si techniquement et l\u00e9galement possible, en envoyant une notification aux utilisateurs via l&rsquo;une des coordonn\u00e9es de contact du responsable. Consulte r\u00e9guli\u00e8rement cette page, en te r\u00e9f\u00e9rant \u00e0 la date de derni\u00e8re modification indiqu\u00e9e en bas de page. <br \/>\nSi les modifications concernent des traitements dont la base juridique est le consentement, le responsable du traitement recueillera \u00e0 nouveau le consentement de l&rsquo;utilisateur, si n\u00e9cessaire.<\/p>\n<p>R\u00e9f\u00e9rences l\u00e9gales et d\u00e9finitions<br \/>\nDonn\u00e9es personnelles (ou Donn\u00e9es)<br \/>\nLes donn\u00e9es personnelles constituent toute information qui, directement ou indirectement, y compris en conjonction avec toute autre information, y compris un num\u00e9ro d&rsquo;identification personnel, identifie une personne physique.<br \/>\nDonn\u00e9es d&rsquo;utilisation<br \/>\nCes informations sont collect\u00e9es automatiquement par ce site web (y compris par des applications tierces int\u00e9gr\u00e9es \u00e0 ce site web) comprenant : les adresses IP ou les noms de domaine des ordinateurs utilis\u00e9s par l&rsquo;utilisateur pour se connecter \u00e0 ce site, les adresses en notation URI (Uniform Resource Identifier), l&rsquo;heure de la requ\u00eate, la m\u00e9thode utilis\u00e9e pour transmettre la requ\u00eate au serveur, la taille du fichier obtenu en r\u00e9ponse, le code num\u00e9rique indiquant le statut de la r\u00e9ponse du serveur (bonne fin, erreur, etc.) le pays d&rsquo;origine, les caract\u00e9ristiques du navigateur et du syst\u00e8me d&rsquo;exploitation utilis\u00e9s par le visiteur, les diff\u00e9rentes caract\u00e9ristiques temporelles de la visite (par exemple la dur\u00e9e de visite sur chaque page) et les d\u00e9tails de l&rsquo;itin\u00e9raire suivi \u00e0 l&rsquo;int\u00e9rieur du site, en particulier la r\u00e9f\u00e9rence \u00e0 la s\u00e9quence des pages consult\u00e9es, les param\u00e8tres relatifs au syst\u00e8me d&rsquo;exploitation et \u00e0 l&rsquo;environnement informatique de l&rsquo;utilisateur.<br \/>\nUtilisateur<br \/>\n<br \/>La personne utilisant ce site web qui, sauf indication contraire, co\u00efncide avec la personne concern\u00e9e.<br \/>\nPersonne concern\u00e9e<br \/>\nLa personne physique \u00e0 laquelle se rapportent les donn\u00e9es personnelles.<br \/>\nResponsable du traitement (ou Responsable)<br \/>\nLa personne physique, la personne morale, l&rsquo;administration publique et toute autre entit\u00e9 qui traite des donn\u00e9es personnelles pour le compte du responsable du traitement, comme indiqu\u00e9 dans cette politique de confidentialit\u00e9.<br \/>\nSous-traitant du traitement (ou Sous-traitant)<br \/>\nLa personne physique ou morale, l&rsquo;autorit\u00e9 publique, le service ou tout autre organisme qui traite des donn\u00e9es personnelles pour le compte du responsable du traitement. <br \/>\nCe site web<br \/>\nLe mat\u00e9riel ou logiciel utilis\u00e9 pour collecter et traiter les donn\u00e9es personnelles des utilisateurs.<br \/>\nService<br \/>\nLe service fourni par ce site web tel que d\u00e9fini dans ses conditions (si pr\u00e9sentes) sur ce site.<br \/>\nUnion europ\u00e9enne (ou UE)<br \/>\nSauf indication contraire, toutes les r\u00e9f\u00e9rences \u00e0 l&rsquo;Union europ\u00e9enne contenues dans ce document doivent \u00eatre comprises comme incluant tous les \u00c9tats membres actuels de l&rsquo;Union europ\u00e9enne et de l&rsquo;Espace \u00e9conomique europ\u00e9en.<br \/>\nCookie<br \/>\nPetite portion de donn\u00e9es stock\u00e9e dans l&rsquo;appareil de l&rsquo;utilisateur.<br \/>\n<br \/>R\u00e9f\u00e9rences l\u00e9gales<br \/>\nCette politique de confidentialit\u00e9 est \u00e9tablie sur la base de plusieurs lois, notamment les articles 13 et 14 du R\u00e8glement (UE) 2016\/679. <br \/>\nSauf indication contraire, cette politique de confidentialit\u00e9 ne s&rsquo;applique qu&rsquo;\u00e0 ce site web.<\/p>\n","protected":false},"excerpt":{"rendered":"<p>Rent me now! Politique de confidentialit\u00e9 Ce site web collecte les donn\u00e9es personnelles de l&rsquo;utilisateur. Responsable du traitement Rent me now Email : info@rentmenow.it Types de donn\u00e9es collect\u00e9es Parmi les donn\u00e9es personnelles collect\u00e9es par ce site, directement ou par l&rsquo;interm\u00e9diaire&#8230;<\/p>\n","protected":false},"author":1,"featured_media":0,"parent":0,"menu_order":0,"comment_status":"closed","ping_status":"closed","template":"","meta":{"footnotes":""},"class_list":["post-8940","page","type-page","status-publish","hentry"],"yoast_head":"<!-- This site is optimized with the Yoast SEO plugin v27.5 - https:\/\/yoast.com\/product\/yoast-seo-wordpress\/ -->\n<title>Location de scooter | Politique de confidentialit\u00e9 - RentMeNow! - Off Road<\/title>\n<meta name=\"description\" content=\"Veuillez lire notre politique de confidentialit\u00e9. Loue un v\u00e9lo ou un scooter pour visiter Cefal\u00f9 et ses environs. R\u00e9serve maintenant !\" \/>\n<meta name=\"robots\" content=\"index, follow, max-snippet:-1, max-image-preview:large, max-video-preview:-1\" \/>\n<link rel=\"canonical\" href=\"https:\/\/www.rentmenow.it\/fr\/location-de-scooter-politique-de-confidentialite\/\" \/>\n<meta property=\"og:locale\" content=\"fr_FR\" \/>\n<meta property=\"og:type\" content=\"article\" \/>\n<meta property=\"og:title\" content=\"Location de scooter | Politique de confidentialit\u00e9 - RentMeNow! - Off Road\" \/>\n<meta property=\"og:description\" content=\"Veuillez lire notre politique de confidentialit\u00e9. Loue un v\u00e9lo ou un scooter pour visiter Cefal\u00f9 et ses environs. R\u00e9serve maintenant !\" \/>\n<meta property=\"og:url\" content=\"https:\/\/www.rentmenow.it\/fr\/location-de-scooter-politique-de-confidentialite\/\" \/>\n<meta property=\"og:site_name\" content=\"RentMeNow! - Off Road\" \/>\n<meta property=\"article:publisher\" content=\"https:\/\/www.facebook.com\/rentmenow.it\/\" \/>\n<meta name=\"twitter:card\" content=\"summary_large_image\" \/>\n<meta name=\"twitter:label1\" content=\"Dur\u00e9e de lecture estim\u00e9e\" \/>\n\t<meta name=\"twitter:data1\" content=\"13 minutes\" \/>\n<script type=\"application\/ld+json\" class=\"yoast-schema-graph\">{\"@context\":\"https:\\\/\\\/schema.org\",\"@graph\":[{\"@type\":\"WebPage\",\"@id\":\"https:\\\/\\\/www.rentmenow.it\\\/fr\\\/location-de-scooter-politique-de-confidentialite\\\/\",\"url\":\"https:\\\/\\\/www.rentmenow.it\\\/fr\\\/location-de-scooter-politique-de-confidentialite\\\/\",\"name\":\"Location de scooter | Politique de confidentialit\u00e9 - RentMeNow! - Off Road\",\"isPartOf\":{\"@id\":\"https:\\\/\\\/www.rentmenow.it\\\/fr\\\/#website\"},\"datePublished\":\"2021-09-10T14:17:44+00:00\",\"description\":\"Veuillez lire notre politique de confidentialit\u00e9. Loue un v\u00e9lo ou un scooter pour visiter Cefal\u00f9 et ses environs. R\u00e9serve maintenant !\",\"breadcrumb\":{\"@id\":\"https:\\\/\\\/www.rentmenow.it\\\/fr\\\/location-de-scooter-politique-de-confidentialite\\\/#breadcrumb\"},\"inLanguage\":\"fr-FR\",\"potentialAction\":[{\"@type\":\"ReadAction\",\"target\":[\"https:\\\/\\\/www.rentmenow.it\\\/fr\\\/location-de-scooter-politique-de-confidentialite\\\/\"]}]},{\"@type\":\"BreadcrumbList\",\"@id\":\"https:\\\/\\\/www.rentmenow.it\\\/fr\\\/location-de-scooter-politique-de-confidentialite\\\/#breadcrumb\",\"itemListElement\":[{\"@type\":\"ListItem\",\"position\":1,\"name\":\"Domicile\",\"item\":\"https:\\\/\\\/www.rentmenow.it\\\/fr\\\/accueil\\\/\"},{\"@type\":\"ListItem\",\"position\":2,\"name\":\"Location de scooter | Politique de confidentialit\u00e9\"}]},{\"@type\":\"WebSite\",\"@id\":\"https:\\\/\\\/www.rentmenow.it\\\/fr\\\/#website\",\"url\":\"https:\\\/\\\/www.rentmenow.it\\\/fr\\\/\",\"name\":\"RentMeNow! Noleggio scooter Cefal\u00f9\",\"description\":\"Noleggio scooter Cefal\u00f9\",\"publisher\":{\"@id\":\"https:\\\/\\\/www.rentmenow.it\\\/fr\\\/#organization\"},\"potentialAction\":[{\"@type\":\"SearchAction\",\"target\":{\"@type\":\"EntryPoint\",\"urlTemplate\":\"https:\\\/\\\/www.rentmenow.it\\\/fr\\\/?s={search_term_string}\"},\"query-input\":{\"@type\":\"PropertyValueSpecification\",\"valueRequired\":true,\"valueName\":\"search_term_string\"}}],\"inLanguage\":\"fr-FR\"},{\"@type\":\"Organization\",\"@id\":\"https:\\\/\\\/www.rentmenow.it\\\/fr\\\/#organization\",\"name\":\"Rent Me Now!\",\"url\":\"https:\\\/\\\/www.rentmenow.it\\\/fr\\\/\",\"logo\":{\"@type\":\"ImageObject\",\"inLanguage\":\"fr-FR\",\"@id\":\"https:\\\/\\\/www.rentmenow.it\\\/fr\\\/#\\\/schema\\\/logo\\\/image\\\/\",\"url\":\"https:\\\/\\\/www.rentmenow.it\\\/wp-content\\\/uploads\\\/2021\\\/07\\\/rentmenow_logo_small_Tavola-disegno-1.png\",\"contentUrl\":\"https:\\\/\\\/www.rentmenow.it\\\/wp-content\\\/uploads\\\/2021\\\/07\\\/rentmenow_logo_small_Tavola-disegno-1.png\",\"width\":315,\"height\":71,\"caption\":\"Rent Me Now!\"},\"image\":{\"@id\":\"https:\\\/\\\/www.rentmenow.it\\\/fr\\\/#\\\/schema\\\/logo\\\/image\\\/\"},\"sameAs\":[\"https:\\\/\\\/www.facebook.com\\\/rentmenow.it\\\/\"]}]}<\/script>\n<!-- \/ Yoast SEO plugin. -->","yoast_head_json":{"title":"Location de scooter | Politique de confidentialit\u00e9 - RentMeNow! - Off Road","description":"Veuillez lire notre politique de confidentialit\u00e9. Loue un v\u00e9lo ou un scooter pour visiter Cefal\u00f9 et ses environs. R\u00e9serve maintenant !","robots":{"index":"index","follow":"follow","max-snippet":"max-snippet:-1","max-image-preview":"max-image-preview:large","max-video-preview":"max-video-preview:-1"},"canonical":"https:\/\/www.rentmenow.it\/fr\/location-de-scooter-politique-de-confidentialite\/","og_locale":"fr_FR","og_type":"article","og_title":"Location de scooter | Politique de confidentialit\u00e9 - RentMeNow! - Off Road","og_description":"Veuillez lire notre politique de confidentialit\u00e9. Loue un v\u00e9lo ou un scooter pour visiter Cefal\u00f9 et ses environs. R\u00e9serve maintenant !","og_url":"https:\/\/www.rentmenow.it\/fr\/location-de-scooter-politique-de-confidentialite\/","og_site_name":"RentMeNow! - Off Road","article_publisher":"https:\/\/www.facebook.com\/rentmenow.it\/","twitter_card":"summary_large_image","twitter_misc":{"Dur\u00e9e de lecture estim\u00e9e":"13 minutes"},"schema":{"@context":"https:\/\/schema.org","@graph":[{"@type":"WebPage","@id":"https:\/\/www.rentmenow.it\/fr\/location-de-scooter-politique-de-confidentialite\/","url":"https:\/\/www.rentmenow.it\/fr\/location-de-scooter-politique-de-confidentialite\/","name":"Location de scooter | Politique de confidentialit\u00e9 - RentMeNow! - Off Road","isPartOf":{"@id":"https:\/\/www.rentmenow.it\/fr\/#website"},"datePublished":"2021-09-10T14:17:44+00:00","description":"Veuillez lire notre politique de confidentialit\u00e9. Loue un v\u00e9lo ou un scooter pour visiter Cefal\u00f9 et ses environs. R\u00e9serve maintenant !","breadcrumb":{"@id":"https:\/\/www.rentmenow.it\/fr\/location-de-scooter-politique-de-confidentialite\/#breadcrumb"},"inLanguage":"fr-FR","potentialAction":[{"@type":"ReadAction","target":["https:\/\/www.rentmenow.it\/fr\/location-de-scooter-politique-de-confidentialite\/"]}]},{"@type":"BreadcrumbList","@id":"https:\/\/www.rentmenow.it\/fr\/location-de-scooter-politique-de-confidentialite\/#breadcrumb","itemListElement":[{"@type":"ListItem","position":1,"name":"Domicile","item":"https:\/\/www.rentmenow.it\/fr\/accueil\/"},{"@type":"ListItem","position":2,"name":"Location de scooter | Politique de confidentialit\u00e9"}]},{"@type":"WebSite","@id":"https:\/\/www.rentmenow.it\/fr\/#website","url":"https:\/\/www.rentmenow.it\/fr\/","name":"RentMeNow! Noleggio scooter Cefal\u00f9","description":"Noleggio scooter Cefal\u00f9","publisher":{"@id":"https:\/\/www.rentmenow.it\/fr\/#organization"},"potentialAction":[{"@type":"SearchAction","target":{"@type":"EntryPoint","urlTemplate":"https:\/\/www.rentmenow.it\/fr\/?s={search_term_string}"},"query-input":{"@type":"PropertyValueSpecification","valueRequired":true,"valueName":"search_term_string"}}],"inLanguage":"fr-FR"},{"@type":"Organization","@id":"https:\/\/www.rentmenow.it\/fr\/#organization","name":"Rent Me Now!","url":"https:\/\/www.rentmenow.it\/fr\/","logo":{"@type":"ImageObject","inLanguage":"fr-FR","@id":"https:\/\/www.rentmenow.it\/fr\/#\/schema\/logo\/image\/","url":"https:\/\/www.rentmenow.it\/wp-content\/uploads\/2021\/07\/rentmenow_logo_small_Tavola-disegno-1.png","contentUrl":"https:\/\/www.rentmenow.it\/wp-content\/uploads\/2021\/07\/rentmenow_logo_small_Tavola-disegno-1.png","width":315,"height":71,"caption":"Rent Me Now!"},"image":{"@id":"https:\/\/www.rentmenow.it\/fr\/#\/schema\/logo\/image\/"},"sameAs":["https:\/\/www.facebook.com\/rentmenow.it\/"]}]}},"_links":{"self":[{"href":"https:\/\/www.rentmenow.it\/fr\/wp-json\/wp\/v2\/pages\/8940","targetHints":{"allow":["GET"]}}],"collection":[{"href":"https:\/\/www.rentmenow.it\/fr\/wp-json\/wp\/v2\/pages"}],"about":[{"href":"https:\/\/www.rentmenow.it\/fr\/wp-json\/wp\/v2\/types\/page"}],"author":[{"embeddable":true,"href":"https:\/\/www.rentmenow.it\/fr\/wp-json\/wp\/v2\/users\/1"}],"replies":[{"embeddable":true,"href":"https:\/\/www.rentmenow.it\/fr\/wp-json\/wp\/v2\/comments?post=8940"}],"version-history":[{"count":0,"href":"https:\/\/www.rentmenow.it\/fr\/wp-json\/wp\/v2\/pages\/8940\/revisions"}],"wp:attachment":[{"href":"https:\/\/www.rentmenow.it\/fr\/wp-json\/wp\/v2\/media?parent=8940"}],"curies":[{"name":"wp","href":"https:\/\/api.w.org\/{rel}","templated":true}]}}