{"id":8885,"date":"2021-04-14T09:47:49","date_gmt":"2021-04-14T09:47:49","guid":{"rendered":"https:\/\/www.rentmenow.it\/conditions-generales-de-location-2\/"},"modified":"2021-04-14T09:47:49","modified_gmt":"2021-04-14T09:47:49","slug":"conditions-generales-de-location-2","status":"publish","type":"page","link":"https:\/\/www.rentmenow.it\/fr\/conditions-generales-de-location-2\/","title":{"rendered":"Conditions g\u00e9n\u00e9rales de location"},"content":{"rendered":"<h1>CONDITIONS G\u00c9N\u00c9RALES DE LOCATION<\/h1>\n<p>Le pr\u00e9sent contrat repr\u00e9sente un r\u00e9sum\u00e9 des principales dispositions des Conditions G\u00e9n\u00e9rales de Location qui, avec le contrat de location sign\u00e9 par le Client, constituent la source exclusive r\u00e9gissant la relation contractuelle entre la soci\u00e9t\u00e9 de location <strong>RentMeNow!<\/strong> et le client ou ses Affili\u00e9s.<\/p>\n<p><strong>MISE \u00c0 DISPOSITION DU V\u00c9HICULE<\/strong><br \/>\nLa conduite du v\u00e9hicule et\/ou du motocycle faisant l&rsquo;objet de la location n&rsquo;est autoris\u00e9e qu&rsquo;aux personnes titulaires d&rsquo;un permis de conduire valide de type \u00ab\u00a0A1\u00a0\u00bb \u00ab\u00a0A2\u00a0\u00bb \u00ab\u00a0A3\u00a0\u00bb et \u00ab\u00a0B\u00a0\u00bb.<br \/>\nL&rsquo;\u00e2ge minimum requis est le suivant :<br \/>\n-\u00ab\u00a0A1\u00a0\u00bb &#8211; 16 ans pour les motocycles jusqu&rsquo;\u00e0 11 kw &#8211; \u00ab\u00a0A2\u00a0\u00bb &#8211; 18 ans pour les motocycles jusqu&rsquo;\u00e0 35kw et \u00ab\u00a0A3\u00a0\u00bb 24 ans pour les motocycles sup\u00e9rieurs \u00e0 35kw.<br \/>\n-\u00ab\u00a0B\u00a0\u00bb- 18 ans &#8211; uniquement pour les nouveaux conducteurs, v\u00e9hicules jusqu&rsquo;\u00e0 55 KW &#8211; apr\u00e8s 1 an de possession du Permis \u00ab\u00a0B\u00a0\u00bb tous types de v\u00e9hicules jusqu&rsquo;\u00e0<br \/>\n9 places.<br \/>\n-\u00ab\u00a0B\u00a0\u00bb &#8211; 18 ans pour tous types de camionnettes jusqu&rsquo;\u00e0 35q.<br \/>\nLe v\u00e9hicule et\/ou motocycle est confi\u00e9 au Client \u00e9tant entendu qu&rsquo;il l&rsquo;utilisera en le conduisant personnellement.<br \/>\nLe Client assume tous les risques et responsabilit\u00e9s en cas de confiance de la conduite du v\u00e9hicule et\/ou motocycle \u00e0 des tiers, y compris aux effets de l&rsquo;art. 116 alin\u00e9a 12 du Code de la Route (D.L.285\/92), relatif \u00e0 la confiance du v\u00e9hicule et\/ou motocycle \u00e0 une personne sans permis de conduire ou non autoris\u00e9e par la soci\u00e9t\u00e9 de location.<br \/>\nLe Client pourra communiquer \u00e0 la Soci\u00e9t\u00e9 de location aupr\u00e8s de laquelle il a lou\u00e9 le v\u00e9hicule et\/ou motocycle le nom d&rsquo;autres personnes qui pourront conduire le v\u00e9hicule et\/ou motocycle, lesquelles seront autoris\u00e9es dans un second temps sur pr\u00e9sentation d&rsquo;une autorisation de conduire valide (permis). Pour chaque conducteur suppl\u00e9mentaire autoris\u00e9, un suppl\u00e9ment journalier est requis dont le montant est \u00e9gal \u00e0 50 % de celui d\u00e9crit pour le type de v\u00e9hicule et\/ou motocycle d\u00e9j\u00e0 lou\u00e9. Pour certains groupes de v\u00e9hicules dans certaines zones, la possession de deux Cartes de Cr\u00e9dit peut \u00eatre requise, \u00e0 la discr\u00e9tion de la Soci\u00e9t\u00e9 de Location.   <\/p>\n<p><strong>PAIEMENT DE LA LOCATION<\/strong><br \/>\nPar Cartes de Cr\u00e9dit\/D\u00e9bit, apr\u00e8s autorisation pr\u00e9alable de l&rsquo;\u00e9tablissement \u00e9metteur ; et\/ou en esp\u00e8ces. Pour le paiement en esp\u00e8ces, il est obligatoire de verser une caution par ch\u00e8que de banque \u00e0 l&rsquo;ordre de <g id=\"gid_2\">RentMeNow!<\/g>, dont le montant est d\u00e9termin\u00e9 selon le type de v\u00e9hicule et\/ou motocycle \u00e0 louer. Le client titulaire d&rsquo;une carte de cr\u00e9dit financi\u00e8re autorise la Soci\u00e9t\u00e9 de Location \u00e0 d\u00e9biter sur son compte tous les frais \u00e0 sa charge d\u00e9coulant du contrat de location, y compris ceux \u00e9ventuellement n\u00e9cessaires au recouvrement de toute cr\u00e9ance d\u00e9tenue par la Soci\u00e9t\u00e9 de Location envers le client en relation avec le contrat de location.  <\/p>\n<p><strong>FRANCHISES ASSURANCE DOMMAGES RC &#8211; TOUS RISQUES &#8211; VOL &#8211; INCENDIE<\/strong><br \/>\nLe v\u00e9hicule et\/ou motocycle lou\u00e9 est couvert par une assurance R.C.A. et Tous Risques conform\u00e9ment aux lois en vigueur.<br \/>\nSi le Client est confront\u00e9 \u00e0 l&rsquo;un des \u00e9v\u00e9nements susmentionn\u00e9s, la franchise \u00e0 sa charge sera celle indiqu\u00e9e dans le contrat de location ; en cas de vol et\/ou d&rsquo;incendie, la franchise \u00e0 la charge du client est celle indiqu\u00e9e dans le contrat de location, selon le v\u00e9hicule et\/ou motocycle lou\u00e9.<br \/>\n(A) En cas d&rsquo;<strong>IRR\u00c9PARABILIT\u00c9<\/strong> totale du v\u00e9hicule et\/ou motocycle lou\u00e9, due \u00e0 un accident grave, pour conduite en \u00e9tat d&rsquo;ivresse et\/ou usage de stup\u00e9fiants, la franchise \u00e0 la charge du Client est \u00e9gale \u00e0 100 % de la valeur actuelle du v\u00e9hicule et\/ou motocycle lou\u00e9.<br \/>\nPour les v\u00e9hicules et\/ou motocycles \u00e9quip\u00e9s d&rsquo;un antivol Diablock ou Blockshaft, si le Client victime d&rsquo;un vol du v\u00e9hicule et\/ou motocycle lou\u00e9 ne restitue pas, en plus de la cl\u00e9 originale d&rsquo;ouverture et de d\u00e9marrage, celle de l&rsquo;un des antivols mentionn\u00e9s, il devra payer une franchise \u00e9gale \u00e0 100 % de la valeur actuelle du v\u00e9hicule. Dans tous les cas de sinistre, vol, incendie, partiel ou total, le Client est tenu de faire une d\u00e9claration r\u00e9guli\u00e8re aupr\u00e8s des Autorit\u00e9s comp\u00e9tentes et de la remettre \u00e0 la soci\u00e9t\u00e9 de location dans les 12 heures suivant l&rsquo;\u00e9v\u00e9nement.<x id=\"gid_0\"><\/x>Les dommages relatifs au sinistre ne sont pas facturables au client qui produit un constat amiable avec responsabilit\u00e9 claire et sign\u00e9e de la partie adverse.<x id=\"gid_1\"><\/x>Le Client peut choisir de souscrire au Service Suppl\u00e9mentaire qui r\u00e9duit ou \u00e9limine la p\u00e9nalit\u00e9 de Responsabilit\u00e9 \u00c9conomique pour celui qui se rend responsable de dommages au v\u00e9hicule et\/ou motocycle. La souscription du Service Suppl\u00e9mentaire qui r\u00e9duit ou \u00e9limine la responsabilit\u00e9 pour dommages, en plus d&rsquo;avoir un co\u00fbt suppl\u00e9mentaire au prix normal du Tarif officiel pour le v\u00e9hicule et\/ou motocycle lou\u00e9, (\u00e0 l&rsquo;exclusion des dommages vis\u00e9s au point (A) ci-dessus), n&rsquo;exon\u00e8re pas le Client d&rsquo;adopter la diligence ordinaire dans la conduite du v\u00e9hicule et\/ou motocycle.<br \/>\n<strong>RentMeNow!<\/strong>, \u00e0 titre de p\u00e9nalit\u00e9, se r\u00e9serve le droit de facturer les dommages imputables \u00e0 la responsabilit\u00e9 du Client.<\/p>\n<p><strong>SERVICE CARBURANT<\/strong><br \/>\nLe v\u00e9hicule et\/ou motocycle lou\u00e9 doit \u00eatre restitu\u00e9 avec la m\u00eame quantit\u00e9 de carburant qu&rsquo;au moment de la livraison. Pour chaque litre de carburant manquant, le Client se verra facturer un montant de 2,50 \u20ac par litre et des frais de service pour le r\u00e9approvisionnement en carburant de 30,00 \u20ac hors TVA. <\/p>\n<p><strong>KILOM\u00c9TRAGE<\/strong><br \/>\nLes limites de kilom\u00e9trage et les co\u00fbts des kilom\u00e8tres suppl\u00e9mentaires du v\u00e9hicule et\/ou motocycle lou\u00e9 sont ceux indiqu\u00e9s dans le contrat de location.<\/p>\n<p><strong>CIRCULATION DU V\u00c9HICULE<\/strong><br \/>\nLe Client est autoris\u00e9 \u00e0 circuler en Italie et s&rsquo;engage \u00e0 <strong>NE PAS<\/strong> faire circuler le v\u00e9hicule et\/ou motocycle dans des pays autres que ceux express\u00e9ment indiqu\u00e9s dans la \u00ab\u00a0carte verte\u00a0\u00bb remise avec les documents du v\u00e9hicule et\/ou motocycle.<br \/>\nToute utilisation non autoris\u00e9e ou ill\u00e9gale selon le Contrat et\/ou la loi oblige le Client \u00e0 indemniser les dommages qui en r\u00e9sultent, \u00e9ventuellement m\u00eame solidairement avec tout autre conducteur et entra\u00eene la perte de toute limitation de responsabilit\u00e9 exposant le Client aux responsabilit\u00e9s et recours correspondants. La soci\u00e9t\u00e9 de location se r\u00e9serve le droit de reprendre possession du v\u00e9hicule et\/ou motocycle en tout lieu et \u00e0 tout moment en cas de violation des dispositions du pr\u00e9sent article.<br \/>\nLe Client est responsable de la circulation normale du v\u00e9hicule et\/ou motocycle ainsi que de son utilisation et de son entretien ordinaire.<br \/>\nEn cas de besoin d&rsquo;assistance routi\u00e8re (ex. panne ou accident), le Client pourra contacter la Soci\u00e9t\u00e9 de Location aupr\u00e8s de laquelle il a lou\u00e9 le v\u00e9hicule et\/ou motocycle, en demandant des instructions sur la marche \u00e0 suivre aux num\u00e9ros sp\u00e9cifi\u00e9s dans le contrat de location. La soci\u00e9t\u00e9 de Location est exclue de toute responsabilit\u00e9 pour pertes ou dommages r\u00e9sultant de pannes survenues du v\u00e9hicule et\/ou motocycle, non-livraison ou livraison tardive, d\u00e9t\u00e9rioration des marchandises ou dommages de toute autre nature, sauf en cas de dol ou faute grave de la Soci\u00e9t\u00e9 de Location. De m\u00eame, elle est exclue de toute responsabilit\u00e9 pour les dommages aux objets transport\u00e9s ou oubli\u00e9s dans le v\u00e9hicule et\/ou motocycle restitu\u00e9.<x id=\"gid_6\"><\/x>Le Client est responsable des contraventions et\/ou de toute autre charge r\u00e9sultant des violations du code de la route ou d&rsquo;autres dispositions l\u00e9gales ou r\u00e9glementaires, des p\u00e9ages, du co\u00fbt des stationnements et en g\u00e9n\u00e9ral des sommes d\u00e9coulant de la conduite du v\u00e9hicule et\/ou motocycle m\u00eame par des tiers pendant la p\u00e9riode de location et s&rsquo;engage \u00e0 rembourser les sommes \u00e9ventuellement avanc\u00e9es \u00e0 ce titre, y compris les frais juridiques, postaux et administratifs suppl\u00e9mentaires li\u00e9s \u00e0 la demande de remboursement et \u00e0 garantir la soci\u00e9t\u00e9 de location contre tout dommage et\/ou r\u00e9clamation de tiers. Chaque proc\u00e9dure administrative a un co\u00fbt de gestion et le Client en autorise d\u00e8s maintenant le d\u00e9bit \u00e0 sa charge.    <\/p>\n<h2><strong>LE SERVICE DE VOYAGE ALLER SIMPLE N&rsquo;EST PAS AUTORIS\u00c9, SAUF AUTORISATION SP\u00c9CIFIQUE DE LA SOCI\u00c9T\u00c9 DE LOCATION.<\/strong><\/h2>\n<p><strong>RESTITUTION DU V\u00c9HICULE<\/strong><br \/>\nAu d\u00e9but de la location, le Client devra s&rsquo;engager sur la date de restitution du v\u00e9hicule et\/ou motocycle : toute modification de l&rsquo;engagement devra \u00eatre communiqu\u00e9e pr\u00e9alablement \u00e0 la Soci\u00e9t\u00e9 de Location.<br \/>\nUne journ\u00e9e de location est consid\u00e9r\u00e9e comme 24 heures avec une tol\u00e9rance de 59 minutes, pass\u00e9 ce d\u00e9lai une journ\u00e9e suppl\u00e9mentaire de location sera factur\u00e9e. Pour les tarifs soumis \u00e0 des limites temporelles (ex. Week-end, Semaine, etc.) pass\u00e9 le temps de tol\u00e9rance, la location enti\u00e8re sera factur\u00e9e au tarif journalier. Le v\u00e9hicule et\/ou motocycle doit \u00eatre restitu\u00e9 pendant les heures d&rsquo;ouverture et\/ou de fermeture de la Soci\u00e9t\u00e9 de Location.<br \/>\nEn cas de restitution hors horaires possible si pr\u00e9alablement autoris\u00e9e, la location sera consid\u00e9r\u00e9e comme termin\u00e9e aux heures d&rsquo;ouverture de la m\u00eame Soci\u00e9t\u00e9 de Location.<br \/>\nLa non-restitution des cl\u00e9s du v\u00e9hicule et\/ou motocycle entra\u00eenera la poursuite de la location jusqu&rsquo;\u00e0 la restitution de celles-ci ou la pr\u00e9sentation d&rsquo;une d\u00e9claration de perte ou de vol.<br \/>\nLa perte ou le vol des cl\u00e9s du v\u00e9hicule et\/ou motocycle entra\u00eenera une p\u00e9nalit\u00e9 pour d\u00e9dommagement \u00e9gale \u00e0 600,00 \u20ac (six cents) hors TVA.<br \/>\nLe Client s&rsquo;engage \u00e0 restituer le v\u00e9hicule et\/ou motocycle dans les conditions et avec les \u00e9quipements pr\u00e9sents au d\u00e9but de la location, sauf usure normale.<br \/>\nEn cas de perte ou de vol de la Carte Grise originale du v\u00e9hicule et\/ou motocycle, le Client devra payer une franchise de 200,00 \u20ac (deux cents) hors TVA  <\/p>\n<p><strong>COMPTEUR KILOM\u00c9TRIQUE<\/strong><br \/>\nEn cas de panne du compteur kilom\u00e9trique install\u00e9, comme dans les cas o\u00f9 il est mat\u00e9riellement impossible de relever le kilom\u00e9trage parcouru, une distance conventionnelle de 300 kilom\u00e8tres par jour sera factur\u00e9e.<\/p>\n<p><strong>LOI APPLICABLE ET TRIBUNAL COMP\u00c9TENT<\/strong><br \/>\nLes Termes et Conditions sont r\u00e9gis par la loi italienne. Tous les litiges qui pourraient survenir concernant la validit\u00e9 et\/ou l&rsquo;interpr\u00e9tation et\/ou l&rsquo;ex\u00e9cution et\/ou la r\u00e9siliation des Termes et Conditions seront de la comp\u00e9tence du Tribunal du lieu o\u00f9 le Client a pris possession du V\u00e9hicule <\/p>\n<p><strong>CONFIDENTIALIT\u00c9<\/strong><br \/>\nSelon la r\u00e9glementation indiqu\u00e9e, le traitement relatif au pr\u00e9sent service sera bas\u00e9 sur les principes de correction, lic\u00e9it\u00e9, transparence et de protection de votre confidentialit\u00e9 et de vos droits. Les donn\u00e9es personnelles de l&rsquo;utilisateur sont utilis\u00e9es par <strong>RentMeNow!<\/strong>, qui en est le responsable du traitement. <\/p>\n<p>Conform\u00e9ment \u00e0 l&rsquo;article 13 du RGPD 2016\/679, nous vous fournissons donc les informations suivantes :<\/p>\n<p><strong>1) TYPE DE DONN\u00c9ES COLLECT\u00c9ES<\/strong><br \/>\nLes donn\u00e9es personnelles qui seront collect\u00e9es et trait\u00e9es \u00e0 l&rsquo;occasion de l&rsquo;activation du pr\u00e9sent service concernent :<br \/>\ndonn\u00e9es d&rsquo;identification (nom et pr\u00e9nom, r\u00e9sidence, domicile, naissance, num\u00e9ro de t\u00e9l\u00e9phone, adresse de facturation, identifiant en ligne), document d&rsquo;identit\u00e9 (carte d&rsquo;identit\u00e9, passeport, ou permis de conduire), donn\u00e9es bancaires, donn\u00e9es de localisation (emplacement, GPS, GSM, autre)<\/p>\n<p><strong>2) FINALIT\u00c9S ET BASE JURIDIQUE DU TRAITEMENT<\/strong><br \/>\nLes donn\u00e9es personnelles collect\u00e9es seront trait\u00e9es pour les finalit\u00e9s suivantes :<br \/>\npour la conclusion et l&rsquo;ex\u00e9cution de contrats de location de v\u00e9hicules et\/ou motocycles et de contrats connexes \u00e9ventuels, pour l&rsquo;analyse et l&rsquo;am\u00e9lioration des Services, pour la gestion des r\u00e9clamations et des litiges, la mise en \u0153uvre des standards internationaux des syst\u00e8mes de paiement (par ex., virements bancaires, d\u00e9bits\/cr\u00e9dits par cartes de cr\u00e9dit, d\u00e9bit, etc.)<br \/>\nCes finalit\u00e9s sont conjointement d\u00e9finies \u00ab\u00a0Finalit\u00e9s contractuelles\u00a0\u00bb.<br \/>\navec le consentement pr\u00e9alable de l&rsquo;Utilisateur, pour l&rsquo;envoi de mat\u00e9riel publicitaire et l&rsquo;utilisation dans le cadre d&rsquo;analyses et d&rsquo;\u00e9tudes commerciales et d&rsquo;habitudes de consommation. Cette finalit\u00e9 est d\u00e9finie \u00ab\u00a0Finalit\u00e9s de marketing\u00a0\u00bb<x id=\"gid_5\"><\/x>Le traitement des donn\u00e9es personnelles des Utilisateurs est n\u00e9cessaire, en ce qui concerne les Finalit\u00e9s contractuelles, pour ex\u00e9cuter le Contrat. Si l&rsquo;Utilisateur ne fournit pas les donn\u00e9es personnelles n\u00e9cessaires aux Finalit\u00e9s contractuelles, il ne sera pas possible de conclure le contrat.<x id=\"gid_6\"><\/x>Le traitement pour les Finalit\u00e9s de marketing est facultatif. Si l&rsquo;Utilisateur refuse son consentement, il ne pourra pas recevoir les communications commerciales. \u00c0 tout moment, l&rsquo;Utilisateur pourra toutefois r\u00e9voquer le consentement \u00e9ventuellement donn\u00e9.    <\/p>\n<p><strong>3) MODALIT\u00c9S DE TRAITEMENT DES DONN\u00c9ES<\/strong><br \/>\nLes donn\u00e9es personnelles des Utilisateurs peuvent \u00eatre trait\u00e9es avec des outils manuels ou informatiques, aptes \u00e0 garantir la s\u00e9curit\u00e9, la confidentialit\u00e9 et \u00e0 \u00e9viter les acc\u00e8s non autoris\u00e9s, la diffusion, les modifications et les soustractions des donn\u00e9es gr\u00e2ce \u00e0 l&rsquo;adoption de mesures de s\u00e9curit\u00e9 techniques, physiques et organisationnelles appropri\u00e9es.<\/p>\n<p><strong>4) CAT\u00c9GORIES DE DESTINATAIRES<\/strong><br \/>\nSans pr\u00e9judice des communications effectu\u00e9es en ex\u00e9cution d&rsquo;obligations l\u00e9gales et contractuelles, toutes les donn\u00e9es collect\u00e9es et trait\u00e9es pourront \u00eatre communiqu\u00e9es exclusivement pour les finalit\u00e9s sp\u00e9cifi\u00e9es ci-dessus aux cat\u00e9gories de destinataires suivantes : Banques et \u00e9tablissements de cr\u00e9dit ; Personnes autoris\u00e9es ; Tiers fournisseurs de services d&rsquo;assistance et de conseil concernant les activit\u00e9s des secteurs (\u00e0 titre purement exemplaire) technologique, comptable, administratif, juridique, assurantiel, informatique ; Responsables du traitement.<\/p>\n<p><strong>5) TRANSFERT DE DONN\u00c9ES VERS UN PAYS \u00c9TRANGER ET\/OU UNE ORGANISATION INTERNATIONALE<\/strong><br \/>\nLes donn\u00e9es que vous fournissez ne feront pas l&rsquo;objet de transfert vers des Pays hors UE ou des organisations internationales.<\/p>\n<p><strong>6) DUR\u00c9E DE CONSERVATION DES DONN\u00c9ES<\/strong><br \/>\na) pour les Finalit\u00e9s contractuelles vis\u00e9es au point 2, les donn\u00e9es personnelles des Utilisateurs sont conserv\u00e9es pendant une p\u00e9riode \u00e9gale \u00e0 la dur\u00e9e du Contrat (y compris les \u00e9ventuels renouvellements) et pendant les 10 ann\u00e9es suivant sa fin, sa r\u00e9solution ou sa r\u00e9siliation, sauf dans les cas o\u00f9 la conservation pour une p\u00e9riode ult\u00e9rieure est requise pour d&rsquo;\u00e9ventuels contentieux, demandes des autorit\u00e9s comp\u00e9tentes ou en vertu de la r\u00e9glementation applicable ;<br \/>\nb) pour les Finalit\u00e9s de Marketing relatives \u00e0 l&rsquo;envoi de mat\u00e9riel publicitaire et l&rsquo;utilisation dans le cadre d&rsquo;analyses et d&rsquo;\u00e9tudes commerciales et d&rsquo;habitudes de consommation, les donn\u00e9es personnelles des Utilisateurs sont conserv\u00e9es pendant la dur\u00e9e du Contrat et pendant une p\u00e9riode de 5 ans suivant sa cessation.<\/p>\n<p><strong>7) DROITS DES UTILISATEURS CONCERNANT LEURS DONN\u00c9ES PERSONNELLES<\/strong><br \/>\nVous pourrez, \u00e0 tout moment, exercer les droits suivants :<\/p>\n<ul>\n<li>demander plus d&rsquo;informations concernant le contenu de la pr\u00e9sente notice ;<\/li>\n<li>acc\u00e9der aux donn\u00e9es personnelles ; obtenir la rectification ou l&rsquo;effacement de celles-ci ou la limitation du traitement les concernant (dans les cas pr\u00e9vus par la r\u00e9glementation) ;<\/li>\n<li>s&rsquo;opposer au traitement (dans les cas pr\u00e9vus par la r\u00e9glementation) ;<\/li>\n<li>portabilit\u00e9 des donn\u00e9es (dans les cas pr\u00e9vus par la r\u00e9glementation) ;<\/li>\n<li>r\u00e9voquer le consentement, lorsque pr\u00e9vu. La r\u00e9vocation du consentement ne compromet pas la lic\u00e9it\u00e9 du traitement bas\u00e9 sur le consentement donn\u00e9 avant la r\u00e9vocation ; <\/li>\n<li>introduire une r\u00e9clamation aupr\u00e8s de l&rsquo;autorit\u00e9 de contr\u00f4le (CNIL).<\/li>\n<\/ul>\n<p>En relation avec le traitement des donn\u00e9es personnelles le concernant, tel que d\u00e9crit ci-dessus, le Client exprime librement son consentement, aux termes et aux effets de la Loi. Si une disposition du pr\u00e9sent contrat de location \u00e9tait nulle, cette nullit\u00e9 ne d\u00e9terminera pas l&rsquo;invalidit\u00e9 des autres dispositions du pr\u00e9sent contrat de location. <\/p>\n<p>Si le Client d\u00e9cide de payer dans une devise diff\u00e9rente de celle dans laquelle le co\u00fbt de la location a \u00e9t\u00e9 \u00e9tabli, la contre-valeur sera calcul\u00e9e sur le taux de change publi\u00e9 par la CITI-BANK major\u00e9 de 4 % \u00e0 titre de remboursement des frais et commissions bancaires et risque de fluctuation des changes.<\/p>\n","protected":false},"excerpt":{"rendered":"<p>CONDITIONS G\u00c9N\u00c9RALES DE LOCATION Le pr\u00e9sent contrat repr\u00e9sente un r\u00e9sum\u00e9 des principales dispositions des Conditions G\u00e9n\u00e9rales de Location qui, avec le contrat de location sign\u00e9 par le Client, constituent la source exclusive r\u00e9gissant la relation contractuelle entre la soci\u00e9t\u00e9 de&#8230;<\/p>\n","protected":false},"author":1,"featured_media":0,"parent":0,"menu_order":0,"comment_status":"closed","ping_status":"closed","template":"","meta":{"footnotes":""},"class_list":["post-8885","page","type-page","status-publish","hentry"],"yoast_head":"<!-- This site is optimized with the Yoast SEO plugin v27.5 - https:\/\/yoast.com\/product\/yoast-seo-wordpress\/ -->\n<title>Conditions g\u00e9n\u00e9rales de location - RentMeNow! - Off Road<\/title>\n<meta name=\"robots\" content=\"index, follow, max-snippet:-1, max-image-preview:large, max-video-preview:-1\" \/>\n<link rel=\"canonical\" href=\"https:\/\/www.rentmenow.it\/fr\/conditions-generales-de-location-2\/\" \/>\n<meta property=\"og:locale\" content=\"fr_FR\" \/>\n<meta property=\"og:type\" content=\"article\" \/>\n<meta property=\"og:title\" content=\"Conditions g\u00e9n\u00e9rales de location - RentMeNow! - Off Road\" \/>\n<meta property=\"og:description\" content=\"CONDITIONS G\u00c9N\u00c9RALES DE LOCATION Le pr\u00e9sent contrat repr\u00e9sente un r\u00e9sum\u00e9 des principales dispositions des Conditions G\u00e9n\u00e9rales de Location qui, avec le contrat de location sign\u00e9 par le Client, constituent la source exclusive r\u00e9gissant la relation contractuelle entre la soci\u00e9t\u00e9 de...\" \/>\n<meta property=\"og:url\" content=\"https:\/\/www.rentmenow.it\/fr\/conditions-generales-de-location-2\/\" \/>\n<meta property=\"og:site_name\" content=\"RentMeNow! - Off Road\" \/>\n<meta property=\"article:publisher\" content=\"https:\/\/www.facebook.com\/rentmenow.it\/\" \/>\n<meta name=\"twitter:card\" content=\"summary_large_image\" \/>\n<meta name=\"twitter:label1\" content=\"Dur\u00e9e de lecture estim\u00e9e\" \/>\n\t<meta name=\"twitter:data1\" content=\"13 minutes\" \/>\n<script type=\"application\/ld+json\" class=\"yoast-schema-graph\">{\"@context\":\"https:\\\/\\\/schema.org\",\"@graph\":[{\"@type\":\"WebPage\",\"@id\":\"https:\\\/\\\/www.rentmenow.it\\\/fr\\\/conditions-generales-de-location-2\\\/\",\"url\":\"https:\\\/\\\/www.rentmenow.it\\\/fr\\\/conditions-generales-de-location-2\\\/\",\"name\":\"Conditions g\u00e9n\u00e9rales de location - RentMeNow! - Off Road\",\"isPartOf\":{\"@id\":\"https:\\\/\\\/www.rentmenow.it\\\/fr\\\/#website\"},\"datePublished\":\"2021-04-14T09:47:49+00:00\",\"breadcrumb\":{\"@id\":\"https:\\\/\\\/www.rentmenow.it\\\/fr\\\/conditions-generales-de-location-2\\\/#breadcrumb\"},\"inLanguage\":\"fr-FR\",\"potentialAction\":[{\"@type\":\"ReadAction\",\"target\":[\"https:\\\/\\\/www.rentmenow.it\\\/fr\\\/conditions-generales-de-location-2\\\/\"]}]},{\"@type\":\"BreadcrumbList\",\"@id\":\"https:\\\/\\\/www.rentmenow.it\\\/fr\\\/conditions-generales-de-location-2\\\/#breadcrumb\",\"itemListElement\":[{\"@type\":\"ListItem\",\"position\":1,\"name\":\"Domicile\",\"item\":\"https:\\\/\\\/www.rentmenow.it\\\/fr\\\/accueil\\\/\"},{\"@type\":\"ListItem\",\"position\":2,\"name\":\"Conditions g\u00e9n\u00e9rales de location\"}]},{\"@type\":\"WebSite\",\"@id\":\"https:\\\/\\\/www.rentmenow.it\\\/fr\\\/#website\",\"url\":\"https:\\\/\\\/www.rentmenow.it\\\/fr\\\/\",\"name\":\"RentMeNow! Noleggio scooter Cefal\u00f9\",\"description\":\"Noleggio scooter Cefal\u00f9\",\"publisher\":{\"@id\":\"https:\\\/\\\/www.rentmenow.it\\\/fr\\\/#organization\"},\"potentialAction\":[{\"@type\":\"SearchAction\",\"target\":{\"@type\":\"EntryPoint\",\"urlTemplate\":\"https:\\\/\\\/www.rentmenow.it\\\/fr\\\/?s={search_term_string}\"},\"query-input\":{\"@type\":\"PropertyValueSpecification\",\"valueRequired\":true,\"valueName\":\"search_term_string\"}}],\"inLanguage\":\"fr-FR\"},{\"@type\":\"Organization\",\"@id\":\"https:\\\/\\\/www.rentmenow.it\\\/fr\\\/#organization\",\"name\":\"Rent Me Now!\",\"url\":\"https:\\\/\\\/www.rentmenow.it\\\/fr\\\/\",\"logo\":{\"@type\":\"ImageObject\",\"inLanguage\":\"fr-FR\",\"@id\":\"https:\\\/\\\/www.rentmenow.it\\\/fr\\\/#\\\/schema\\\/logo\\\/image\\\/\",\"url\":\"https:\\\/\\\/www.rentmenow.it\\\/wp-content\\\/uploads\\\/2021\\\/07\\\/rentmenow_logo_small_Tavola-disegno-1.png\",\"contentUrl\":\"https:\\\/\\\/www.rentmenow.it\\\/wp-content\\\/uploads\\\/2021\\\/07\\\/rentmenow_logo_small_Tavola-disegno-1.png\",\"width\":315,\"height\":71,\"caption\":\"Rent Me Now!\"},\"image\":{\"@id\":\"https:\\\/\\\/www.rentmenow.it\\\/fr\\\/#\\\/schema\\\/logo\\\/image\\\/\"},\"sameAs\":[\"https:\\\/\\\/www.facebook.com\\\/rentmenow.it\\\/\"]}]}<\/script>\n<!-- \/ Yoast SEO plugin. -->","yoast_head_json":{"title":"Conditions g\u00e9n\u00e9rales de location - RentMeNow! - Off Road","robots":{"index":"index","follow":"follow","max-snippet":"max-snippet:-1","max-image-preview":"max-image-preview:large","max-video-preview":"max-video-preview:-1"},"canonical":"https:\/\/www.rentmenow.it\/fr\/conditions-generales-de-location-2\/","og_locale":"fr_FR","og_type":"article","og_title":"Conditions g\u00e9n\u00e9rales de location - RentMeNow! - Off Road","og_description":"CONDITIONS G\u00c9N\u00c9RALES DE LOCATION Le pr\u00e9sent contrat repr\u00e9sente un r\u00e9sum\u00e9 des principales dispositions des Conditions G\u00e9n\u00e9rales de Location qui, avec le contrat de location sign\u00e9 par le Client, constituent la source exclusive r\u00e9gissant la relation contractuelle entre la soci\u00e9t\u00e9 de...","og_url":"https:\/\/www.rentmenow.it\/fr\/conditions-generales-de-location-2\/","og_site_name":"RentMeNow! - Off Road","article_publisher":"https:\/\/www.facebook.com\/rentmenow.it\/","twitter_card":"summary_large_image","twitter_misc":{"Dur\u00e9e de lecture estim\u00e9e":"13 minutes"},"schema":{"@context":"https:\/\/schema.org","@graph":[{"@type":"WebPage","@id":"https:\/\/www.rentmenow.it\/fr\/conditions-generales-de-location-2\/","url":"https:\/\/www.rentmenow.it\/fr\/conditions-generales-de-location-2\/","name":"Conditions g\u00e9n\u00e9rales de location - RentMeNow! - Off Road","isPartOf":{"@id":"https:\/\/www.rentmenow.it\/fr\/#website"},"datePublished":"2021-04-14T09:47:49+00:00","breadcrumb":{"@id":"https:\/\/www.rentmenow.it\/fr\/conditions-generales-de-location-2\/#breadcrumb"},"inLanguage":"fr-FR","potentialAction":[{"@type":"ReadAction","target":["https:\/\/www.rentmenow.it\/fr\/conditions-generales-de-location-2\/"]}]},{"@type":"BreadcrumbList","@id":"https:\/\/www.rentmenow.it\/fr\/conditions-generales-de-location-2\/#breadcrumb","itemListElement":[{"@type":"ListItem","position":1,"name":"Domicile","item":"https:\/\/www.rentmenow.it\/fr\/accueil\/"},{"@type":"ListItem","position":2,"name":"Conditions g\u00e9n\u00e9rales de location"}]},{"@type":"WebSite","@id":"https:\/\/www.rentmenow.it\/fr\/#website","url":"https:\/\/www.rentmenow.it\/fr\/","name":"RentMeNow! Noleggio scooter Cefal\u00f9","description":"Noleggio scooter Cefal\u00f9","publisher":{"@id":"https:\/\/www.rentmenow.it\/fr\/#organization"},"potentialAction":[{"@type":"SearchAction","target":{"@type":"EntryPoint","urlTemplate":"https:\/\/www.rentmenow.it\/fr\/?s={search_term_string}"},"query-input":{"@type":"PropertyValueSpecification","valueRequired":true,"valueName":"search_term_string"}}],"inLanguage":"fr-FR"},{"@type":"Organization","@id":"https:\/\/www.rentmenow.it\/fr\/#organization","name":"Rent Me Now!","url":"https:\/\/www.rentmenow.it\/fr\/","logo":{"@type":"ImageObject","inLanguage":"fr-FR","@id":"https:\/\/www.rentmenow.it\/fr\/#\/schema\/logo\/image\/","url":"https:\/\/www.rentmenow.it\/wp-content\/uploads\/2021\/07\/rentmenow_logo_small_Tavola-disegno-1.png","contentUrl":"https:\/\/www.rentmenow.it\/wp-content\/uploads\/2021\/07\/rentmenow_logo_small_Tavola-disegno-1.png","width":315,"height":71,"caption":"Rent Me Now!"},"image":{"@id":"https:\/\/www.rentmenow.it\/fr\/#\/schema\/logo\/image\/"},"sameAs":["https:\/\/www.facebook.com\/rentmenow.it\/"]}]}},"_links":{"self":[{"href":"https:\/\/www.rentmenow.it\/fr\/wp-json\/wp\/v2\/pages\/8885","targetHints":{"allow":["GET"]}}],"collection":[{"href":"https:\/\/www.rentmenow.it\/fr\/wp-json\/wp\/v2\/pages"}],"about":[{"href":"https:\/\/www.rentmenow.it\/fr\/wp-json\/wp\/v2\/types\/page"}],"author":[{"embeddable":true,"href":"https:\/\/www.rentmenow.it\/fr\/wp-json\/wp\/v2\/users\/1"}],"replies":[{"embeddable":true,"href":"https:\/\/www.rentmenow.it\/fr\/wp-json\/wp\/v2\/comments?post=8885"}],"version-history":[{"count":0,"href":"https:\/\/www.rentmenow.it\/fr\/wp-json\/wp\/v2\/pages\/8885\/revisions"}],"wp:attachment":[{"href":"https:\/\/www.rentmenow.it\/fr\/wp-json\/wp\/v2\/media?parent=8885"}],"curies":[{"name":"wp","href":"https:\/\/api.w.org\/{rel}","templated":true}]}}