{"id":8840,"date":"2021-04-14T09:47:49","date_gmt":"2021-04-14T09:47:49","guid":{"rendered":"https:\/\/www.rentmenow.it\/politique-de-confidentialite-2\/"},"modified":"2021-04-14T09:47:49","modified_gmt":"2021-04-14T09:47:49","slug":"politique-de-confidentialite-2","status":"publish","type":"page","link":"https:\/\/www.rentmenow.it\/fr\/politique-de-confidentialite-2\/","title":{"rendered":"Politique de confidentialit\u00e9"},"content":{"rendered":"<h1>Politique de confidentialit\u00e9 de <strong>RentMeNow! &#8211; OffRoad<\/strong><\/h1>\n<p>Ce site web collecte certaines Donn\u00e9es Personnelles de ses Utilisateurs.<\/p>\n<p>Responsable du traitement des donn\u00e9es<br \/>\n<strong>RentMeNow! &#8211; OffRoad <\/strong><\/p>\n<p>Adresse e-mail du Responsable : <strong>info@rentmenow.it<\/strong><\/p>\n<p><strong>Types de donn\u00e9es collect\u00e9es<\/strong><br \/>\nParmi les Donn\u00e9es Personnelles collect\u00e9es par ce site web, de mani\u00e8re autonome ou par des tiers, on trouve : Cookies et Donn\u00e9es d&rsquo;utilisation.<\/p>\n<p>Les d\u00e9tails complets sur chaque type de donn\u00e9es collect\u00e9es sont fournis dans les sections d\u00e9di\u00e9es de cette politique de confidentialit\u00e9 ou par des textes d&rsquo;information sp\u00e9cifiques affich\u00e9s avant la collecte des donn\u00e9es.<br \/>\nLes Donn\u00e9es Personnelles peuvent \u00eatre librement fournies par l&rsquo;Utilisateur ou, dans le cas des Donn\u00e9es d&rsquo;Utilisation, collect\u00e9es automatiquement lors de l&rsquo;utilisation de ce site web.<br \/>\nSauf indication contraire, toutes les Donn\u00e9es demand\u00e9es par ce site web sont obligatoires. Si l&rsquo;Utilisateur refuse de les communiquer, il pourrait \u00eatre impossible pour ce site web de fournir le Service. Dans les cas o\u00f9 ce site web indique certaines Donn\u00e9es comme facultatives, les Utilisateurs sont libres de ne pas les communiquer, sans que cela n&rsquo;ait de cons\u00e9quence sur la disponibilit\u00e9 ou le fonctionnement du Service.<br \/>\nLes Utilisateurs qui auraient des doutes sur les Donn\u00e9es obligatoires sont encourag\u00e9s \u00e0 contacter le Responsable.<br \/>\nL&rsquo;utilisation \u00e9ventuelle de Cookies &#8211; ou d&rsquo;autres outils de suivi &#8211; par ce site web ou par les responsables de services tiers utilis\u00e9s par ce site web, sauf indication contraire, a pour but de fournir le Service demand\u00e9 par l&rsquo;Utilisateur, en plus des autres finalit\u00e9s d\u00e9crites dans ce document et dans la Politique relative aux cookies, si disponible.  <\/p>\n<p>L&rsquo;Utilisateur assume la responsabilit\u00e9 des Donn\u00e9es Personnelles de tiers obtenues, publi\u00e9es ou partag\u00e9es via ce site web et garantit avoir le droit de les communiquer ou de les diffuser, lib\u00e9rant le Responsable de toute responsabilit\u00e9 envers les tiers.<\/p>\n<h1><\/h1>\n<h2>Modalit\u00e9s et lieu du traitement des Donn\u00e9es collect\u00e9es<\/h2>\n<h3><\/h3>\n<h3>Modalit\u00e9s de traitement<\/h3>\n<p>Le Responsable prend les mesures de s\u00e9curit\u00e9 appropri\u00e9es pour emp\u00eacher l&rsquo;acc\u00e8s, la divulgation, la modification ou la destruction non autoris\u00e9s des Donn\u00e9es Personnelles.<br \/>\nLe traitement est effectu\u00e9 \u00e0 l&rsquo;aide d&rsquo;outils informatiques et\/ou t\u00e9l\u00e9matiques, avec des m\u00e9thodes organisationnelles et des logiques strictement li\u00e9es aux finalit\u00e9s indiqu\u00e9es. Outre le Responsable, dans certains cas, d&rsquo;autres personnes impliqu\u00e9es dans l&rsquo;organisation de ce site web (personnel administratif, commercial, marketing, juridique, administrateurs syst\u00e8me) ou des personnes externes (comme les fournisseurs de services techniques tiers, transporteurs postaux, h\u00e9bergeurs, soci\u00e9t\u00e9s informatiques, agences de communication) nomm\u00e9es, si n\u00e9cessaire, comme Sous-traitants par le Responsable, peuvent avoir acc\u00e8s aux Donn\u00e9es. La liste mise \u00e0 jour des Sous-traitants peut toujours \u00eatre demand\u00e9e au Responsable du Traitement.  <\/p>\n<h3><\/h3>\n<h3>Base juridique du traitement<\/h3>\n<p>Le Responsable traite les Donn\u00e9es Personnelles relatives \u00e0 l&rsquo;Utilisateur si l&rsquo;une des conditions suivantes s&rsquo;applique :<\/p>\n<ul>\n<li>l&rsquo;Utilisateur a donn\u00e9 son consentement pour une ou plusieurs finalit\u00e9s sp\u00e9cifiques ; Note : dans certaines juridictions, le Responsable peut \u00eatre autoris\u00e9 \u00e0 traiter les Donn\u00e9es Personnelles sans que le consentement de l&rsquo;Utilisateur ou une autre des bases juridiques sp\u00e9cifi\u00e9es ci-dessous ne soit n\u00e9cessaire, jusqu&rsquo;\u00e0 ce que<\/li>\n<li>l&rsquo;Utilisateur s&rsquo;oppose (\u00ab opt-out \u00bb) \u00e0 ce traitement. Ceci n&rsquo;est toutefois pas applicable lorsque le traitement des Donn\u00e9es Personnelles est r\u00e9gi par la l\u00e9gislation europ\u00e9enne en mati\u00e8re de protection des Donn\u00e9es Personnelles ; <\/li>\n<li>le traitement est n\u00e9cessaire \u00e0 l&rsquo;ex\u00e9cution d&rsquo;un contrat avec l&rsquo;Utilisateur et\/ou \u00e0 l&rsquo;ex\u00e9cution de mesures pr\u00e9contractuelles ;<\/li>\n<li>le traitement est n\u00e9cessaire pour respecter une obligation l\u00e9gale \u00e0 laquelle est soumis le Responsable ;<\/li>\n<li>le traitement est n\u00e9cessaire \u00e0 l&rsquo;ex\u00e9cution d&rsquo;une mission d&rsquo;int\u00e9r\u00eat public ou \u00e0 l&rsquo;exercice de l&rsquo;autorit\u00e9 publique dont est investi le Responsable ;<\/li>\n<li>le traitement est n\u00e9cessaire aux fins des int\u00e9r\u00eats l\u00e9gitimes poursuivis par le Responsable ou par un tiers.<\/li>\n<\/ul>\n<p>Il est toujours possible de demander au Responsable de clarifier la base juridique concr\u00e8te de chaque traitement et en particulier de pr\u00e9ciser si le traitement est bas\u00e9 sur la loi, pr\u00e9vu par un contrat ou n\u00e9cessaire pour conclure un contrat.<\/p>\n<h3><\/h3>\n<h3>Lieu<\/h3>\n<p>Les Donn\u00e9es sont trait\u00e9es dans les bureaux op\u00e9rationnels du Responsable et dans tout autre lieu o\u00f9 se trouvent les parties impliqu\u00e9es dans le traitement. Pour plus d&rsquo;informations, contacte le Responsable.<x id=\"gid_0\"><\/x>Les Donn\u00e9es Personnelles de l&rsquo;Utilisateur pourraient \u00eatre transf\u00e9r\u00e9es dans un pays diff\u00e9rent de celui o\u00f9 l&rsquo;Utilisateur se trouve. Pour obtenir plus d&rsquo;informations sur le lieu du traitement, l&rsquo;Utilisateur peut se r\u00e9f\u00e9rer \u00e0 la section relative aux d\u00e9tails sur le traitement des Donn\u00e9es Personnelles.  <\/p>\n<p>L&rsquo;Utilisateur a le droit d&rsquo;obtenir des informations concernant la base juridique du transfert de Donn\u00e9es hors de l&rsquo;Union Europ\u00e9enne ou vers une organisation internationale de droit international public ou cr\u00e9\u00e9e par deux ou plusieurs pays, comme l&rsquo;ONU, ainsi que concernant les mesures de s\u00e9curit\u00e9 prises par le Responsable pour prot\u00e9ger les Donn\u00e9es.<\/p>\n<p>Si l&rsquo;un des transferts d\u00e9crits ci-dessus a lieu, l&rsquo;Utilisateur peut se r\u00e9f\u00e9rer aux sections correspondantes de ce document ou demander des informations au Responsable en le contactant aux coordonn\u00e9es indiqu\u00e9es en introduction.<\/p>\n<h3><\/h3>\n<h3>Dur\u00e9e de conservation<\/h3>\n<p>Les Donn\u00e9es sont trait\u00e9es et conserv\u00e9es pendant le temps n\u00e9cessaire aux finalit\u00e9s pour lesquelles elles ont \u00e9t\u00e9 collect\u00e9es.<\/p>\n<p><strong>Par cons\u00e9quent :<\/strong><br \/>\nLes Donn\u00e9es Personnelles collect\u00e9es pour des finalit\u00e9s li\u00e9es \u00e0 l&rsquo;ex\u00e9cution d&rsquo;un contrat entre le Responsable et l&rsquo;Utilisateur seront conserv\u00e9es jusqu&rsquo;\u00e0 la compl\u00e8te ex\u00e9cution de ce contrat.<br \/>\nLes Donn\u00e9es Personnelles collect\u00e9es pour des finalit\u00e9s li\u00e9es \u00e0 l&rsquo;int\u00e9r\u00eat l\u00e9gitime du Responsable seront conserv\u00e9es jusqu&rsquo;\u00e0 ce que cet int\u00e9r\u00eat soit satisfait. L&rsquo;Utilisateur peut obtenir plus d&rsquo;informations concernant l&rsquo;int\u00e9r\u00eat l\u00e9gitime poursuivi par le Responsable dans les sections correspondantes de ce document ou en contactant le Responsable.<br \/>\nLorsque le traitement est bas\u00e9 sur le consentement de l&rsquo;Utilisateur, le Responsable peut conserver les Donn\u00e9es Personnelles plus longtemps jusqu&rsquo;\u00e0 ce que ce consentement soit r\u00e9voqu\u00e9. En outre, le Responsable pourrait \u00eatre oblig\u00e9 de conserver les Donn\u00e9es Personnelles pendant une p\u00e9riode plus longue conform\u00e9ment \u00e0 une obligation l\u00e9gale ou sur ordre d&rsquo;une autorit\u00e9.  <\/p>\n<p>\u00c0 l&rsquo;expiration de la p\u00e9riode de conservation, les Donn\u00e9es Personnelles seront supprim\u00e9es. Par cons\u00e9quent, \u00e0 l&rsquo;expiration de ce d\u00e9lai, le droit d&rsquo;acc\u00e8s, de suppression, de rectification et le droit \u00e0 la portabilit\u00e9 des Donn\u00e9es ne pourront plus \u00eatre exerc\u00e9s. <\/p>\n<h3><\/h3>\n<h3>Finalit\u00e9s du Traitement des Donn\u00e9es collect\u00e9es<\/h3>\n<p>Les Donn\u00e9es de l&rsquo;Utilisateur sont collect\u00e9es pour permettre au Responsable de fournir ses Services, ainsi que pour les finalit\u00e9s suivantes : Statistiques.<\/p>\n<p>Pour obtenir des informations d\u00e9taill\u00e9es suppl\u00e9mentaires sur les finalit\u00e9s du traitement et sur les Donn\u00e9es Personnelles pertinentes pour chaque finalit\u00e9, l&rsquo;Utilisateur peut se r\u00e9f\u00e9rer aux sections correspondantes de ce document.<\/p>\n<p><strong>D\u00e9tails sur le traitement des Donn\u00e9es Personnelles<\/strong><br \/>\nLes Donn\u00e9es Personnelles sont collect\u00e9es pour les finalit\u00e9s suivantes et en utilisant les services suivants :<\/p>\n<ul>\n<li><strong>Statistiques<\/strong><br \/>\nLes services contenus dans cette section permettent au Responsable du Traitement de surveiller et d&rsquo;analyser les donn\u00e9es de trafic et servent \u00e0 suivre le comportement de l&rsquo;Utilisateur.<\/li>\n<li><strong>Matomo<\/strong><br \/>\nMatomo est un logiciel de statistiques utilis\u00e9 par ce site web pour analyser les donn\u00e9es directement et sans l&rsquo;aide de tiers.<\/li>\n<\/ul>\n<p><strong>Donn\u00e9es Personnelles collect\u00e9es : Cookies et Donn\u00e9es d&rsquo;utilisation.<\/strong><\/p>\n<h3><\/h3>\n<h3>Droits de l&rsquo;Utilisateur<\/h3>\n<p>Les Utilisateurs peuvent exercer certains droits concernant leurs Donn\u00e9es trait\u00e9es par le Responsable.<\/p>\n<p><strong>En particulier, l&rsquo;Utilisateur a le droit de :<\/strong><\/p>\n<ul>\n<li>r\u00e9voquer son consentement \u00e0 tout moment. L&rsquo;Utilisateur peut r\u00e9voquer son consentement au traitement de ses Donn\u00e9es Personnelles pr\u00e9c\u00e9demment exprim\u00e9. <\/li>\n<li>s&rsquo;opposer au traitement de ses Donn\u00e9es. L&rsquo;Utilisateur peut s&rsquo;opposer au traitement de ses Donn\u00e9es lorsqu&rsquo;il a lieu sur une base juridique autre que le consentement. Plus de d\u00e9tails sur le droit d&rsquo;opposition sont indiqu\u00e9s dans la section ci-dessous.  <\/li>\n<li>acc\u00e9der \u00e0 ses Donn\u00e9es. L&rsquo;Utilisateur a le droit d&rsquo;obtenir des informations sur les Donn\u00e9es trait\u00e9es par le Responsable, sur certains aspects du traitement et de recevoir une copie des Donn\u00e9es trait\u00e9es. <\/li>\n<li>v\u00e9rifier et demander la rectification. L&rsquo;Utilisateur peut v\u00e9rifier l&rsquo;exactitude de ses Donn\u00e9es et en demander la mise \u00e0 jour ou la correction. <\/li>\n<li>obtenir la limitation du traitement. Lorsque certaines conditions sont remplies, l&rsquo;Utilisateur peut demander la limitation du traitement de ses Donn\u00e9es. Dans ce cas, le Responsable ne traitera pas les Donn\u00e9es pour un autre but que leur conservation.<br \/>\nobtenir l&rsquo;effacement ou la suppression de ses Donn\u00e9es Personnelles. Lorsque certaines conditions sont remplies, l&rsquo;Utilisateur peut demander l&rsquo;effacement de ses Donn\u00e9es par le Responsable.   <\/li>\n<li>recevoir ses Donn\u00e9es ou les faire transf\u00e9rer \u00e0 un autre responsable. L&rsquo;Utilisateur a le droit de recevoir ses Donn\u00e9es dans un format structur\u00e9, couramment utilis\u00e9 et lisible par machine et, lorsque cela est techniquement possible, d&rsquo;en obtenir le transfert sans obstacle vers un autre responsable. Cette disposition est applicable lorsque les Donn\u00e9es sont trait\u00e9es par des moyens automatis\u00e9s et que le traitement est bas\u00e9 sur le consentement de l&rsquo;Utilisateur, sur un contrat auquel l&rsquo;Utilisateur est partie ou sur des mesures contractuelles qui y sont li\u00e9es.  <\/li>\n<li>d\u00e9poser plainte. L&rsquo;Utilisateur peut d\u00e9poser une plainte aupr\u00e8s de l&rsquo;autorit\u00e9 de contr\u00f4le de la protection des donn\u00e9es personnelle comp\u00e9tente ou agir en justice. <\/li>\n<\/ul>\n<h3><\/h3>\n<h3>D\u00e9tails sur le droit d&rsquo;opposition<\/h3>\n<p>Lorsque les Donn\u00e9es Personnelles sont trait\u00e9es dans l&rsquo;int\u00e9r\u00eat public, dans l&rsquo;exercice d&rsquo;une autorit\u00e9 publique dont est investi le Responsable ou aux fins des int\u00e9r\u00eats l\u00e9gitimes poursuivis par le Responsable, les Utilisateurs peuvent s&rsquo;opposer \u00e0 ce traitement en fournissant un motif li\u00e9 \u00e0 leur situation particuli\u00e8re.<br \/>\nLes Utilisateurs sont inform\u00e9s que, s&rsquo;ils s&rsquo;opposent au traitement \u00e0 des fins de marketing direct, leurs Donn\u00e9es Personnelles ne seront plus trait\u00e9es \u00e0 ces fins. Pour savoir si le Responsable traite des donn\u00e9es \u00e0 des fins de marketing direct, les Utilisateurs peuvent se r\u00e9f\u00e9rer aux sections correspondantes de ce document. <\/p>\n<h3><\/h3>\n<h3>Comment exercer ces droits<\/h3>\n<p>Pour exercer leurs droits, les Utilisateurs peuvent adresser une demande aux coordonn\u00e9es du Responsable indiqu\u00e9es dans ce document. Les demandes sont d\u00e9pos\u00e9es gratuitement et trait\u00e9es par le Responsable dans les meilleurs d\u00e9lais, en tout cas dans un d\u00e9lai d&rsquo;un mois. <\/p>\n<h3><\/h3>\n<h3>Informations suppl\u00e9mentaires sur le traitement<\/h3>\n<p><strong>D\u00e9fense en justice<\/strong><br \/>\nLes Donn\u00e9es Personnelles de l&rsquo;Utilisateur peuvent \u00eatre utilis\u00e9es par le Responsable devant les tribunaux ou dans les phases pr\u00e9paratoires \u00e0 une \u00e9ventuelle action en justice pour se d\u00e9fendre contre les abus dans l&rsquo;utilisation de ce site web ou des Services connexes par l&rsquo;Utilisateur.<br \/>\nL&rsquo;Utilisateur d\u00e9clare \u00eatre conscient que le Responsable pourrait \u00eatre tenu de r\u00e9v\u00e9ler les Donn\u00e9es sur demande des autorit\u00e9s publiques.<\/p>\n<p><strong>Informations sp\u00e9cifiques<\/strong><br \/>\nSur demande de l&rsquo;Utilisateur, en plus des informations contenues dans cette politique de confidentialit\u00e9, ce site web pourrait fournir \u00e0 l&rsquo;Utilisateur des informations additionnelles et contextuelles concernant des Services sp\u00e9cifiques, ou la collecte et le traitement de Donn\u00e9es Personnelles.<\/p>\n<p><strong>Journaux syst\u00e8me et maintenance<\/strong><br \/>\nPour des besoins de fonctionnement et de maintenance, ce site web et les \u00e9ventuels services tiers qu&rsquo;il utilise peuvent collecter des journaux syst\u00e8me, c&rsquo;est-\u00e0-dire des fichiers qui enregistrent les interactions et qui peuvent contenir des Donn\u00e9es Personnelles, telles que l&rsquo;adresse IP de l&rsquo;Utilisateur.<\/p>\n<p><strong>Informations non contenues dans cette politique<\/strong><br \/>\nPlus d&rsquo;informations concernant le traitement des Donn\u00e9es Personnelles peuvent \u00eatre demand\u00e9es \u00e0 tout moment au Responsable du Traitement en utilisant les coordonn\u00e9es de contact.<\/p>\n<p><strong>R\u00e9ponse aux demandes \u00ab Do Not Track \u00bb<\/strong><br \/>\nCe site web ne prend pas en charge les demandes \u00ab Do Not Track \u00bb.<br \/>\nPour savoir si les \u00e9ventuels services tiers utilis\u00e9s les prennent en charge, l&rsquo;Utilisateur est invit\u00e9 \u00e0 consulter leurs politiques de confidentialit\u00e9 respectives.<\/p>\n<p><strong>Modifications de cette politique de confidentialit\u00e9<\/strong><br \/>\nLe Responsable du Traitement se r\u00e9serve le droit d&rsquo;apporter des modifications \u00e0 la pr\u00e9sente politique de confidentialit\u00e9 \u00e0 tout moment en en informant les Utilisateurs sur cette page et, si possible, sur ce site web ainsi que, si techniquement et l\u00e9galement faisable, en envoyant une notification aux Utilisateurs par l&rsquo;un des moyens de contact en sa possession. Il est donc conseill\u00e9 de consulter r\u00e9guli\u00e8rement cette page, en se r\u00e9f\u00e9rant \u00e0 la date de derni\u00e8re modification indiqu\u00e9e en bas.<br \/>\nSi les modifications affectent des traitements dont la base juridique est le consentement, le Responsable recueillera \u00e0 nouveau le consentement de l&rsquo;Utilisateur lorsque n\u00e9cessaire. <\/p>\n<h1><\/h1>\n<h2>D\u00e9finitions et r\u00e9f\u00e9rences l\u00e9gales<\/h2>\n<p><strong>Donn\u00e9es Personnelles (ou Donn\u00e9es)<\/strong><br \/>\nConstitue une donn\u00e9e personnelle toute information qui, directement ou indirectement, y compris par r\u00e9f\u00e9rence \u00e0 tout autre information, y compris un num\u00e9ro d&rsquo;identification personnel, permet d&rsquo;identifier une personne physique.<\/p>\n<p>&nbsp;<\/p>\n<p><strong>Donn\u00e9es d&rsquo;Utilisation<\/strong><br \/>\nCe sont les informations collect\u00e9es automatiquement \u00e0 travers ce site web (y compris par des applications tierces int\u00e9gr\u00e9es dans ce site web), qui peuvent inclure : les adresses IP ou les noms de domaine des ordinateurs utilis\u00e9s par l&rsquo;Utilisateur qui se connecte \u00e0 ce site web, les adresses URI (Uniform Resource Identifier), l&rsquo;heure de la requ\u00eate, la m\u00e9thode utilis\u00e9e pour soumettre la requ\u00eate au serveur, la taille du fichier re\u00e7u en r\u00e9ponse, le code num\u00e9rique indiquant le statut de la r\u00e9ponse du serveur (succ\u00e8s, erreur, etc.), le pays d&rsquo;origine, les caract\u00e9ristiques du navigateur et du syst\u00e8me d&rsquo;exploitation utilis\u00e9s par le visiteur, les diff\u00e9rents d\u00e9tails temporels par visite (comme le temps pass\u00e9 sur chaque page) et les d\u00e9tails relatifs au parcours suivi dans le site web, en particulier la s\u00e9quence des pages consult\u00e9es, les param\u00e8tres concernant le syst\u00e8me d&rsquo;exploitation et l&rsquo;environnement informatique de l&rsquo;Utilisateur.<\/p>\n<p>&nbsp;<\/p>\n<p><strong>Utilisateur<\/strong><br \/>\nLa personne utilisant ce site web qui, sauf indication contraire, correspond \u00e0 la Personne concern\u00e9e.<\/p>\n<p>&nbsp;<\/p>\n<p><strong>Personne concern\u00e9e<\/strong><br \/>\nLa personne physique \u00e0 laquelle se rapportent les Donn\u00e9es Personnelles.<\/p>\n<p>&nbsp;<\/p>\n<p><strong>Sous-traitant (ou Responsable du traitement)<\/strong><br \/>\nLa personne physique ou morale, l&rsquo;autorit\u00e9 publique, le service ou tout autre organisme qui traite des donn\u00e9es personnelles pour le compte du Responsable du traitement, tel qu&rsquo;expos\u00e9 dans la pr\u00e9sente politique de confidentialit\u00e9.<\/p>\n<p>&nbsp;<\/p>\n<p><strong>Responsable du Traitement (ou Responsable)<\/strong><br \/>\nLa personne physique ou morale, l&rsquo;autorit\u00e9 publique, le service ou un autre organisme qui, seul ou conjointement avec d&rsquo;autres, d\u00e9termine les finalit\u00e9s et les moyens du traitement des donn\u00e9es personnelles et les outils adopt\u00e9s, y compris les mesures de s\u00e9curit\u00e9 concernant le fonctionnement et l&rsquo;utilisation de ce site web. Le Responsable du Traitement, sauf indication contraire, est le propri\u00e9taire de ce site web. <\/p>\n<p>&nbsp;<\/p>\n<p><strong>Ce site web<\/strong><br \/>\nL&rsquo;outil mat\u00e9riel ou logiciel par lequel sont collect\u00e9es et trait\u00e9es les Donn\u00e9es Personnelles des Utilisateurs.<\/p>\n<p>&nbsp;<\/p>\n<p><strong>Service<\/strong><br \/>\nLe Service fourni par ce site web tel que d\u00e9fini dans les conditions s&rsquo;y rapportant (le cas \u00e9ch\u00e9ant) sur ce site.<\/p>\n<p>&nbsp;<\/p>\n<p><strong>Union Europ\u00e9enne (ou UE)<\/strong><br \/>\nSauf indication contraire, toutes les r\u00e9f\u00e9rences faites dans ce document \u00e0 l&rsquo;Union Europ\u00e9enne s&rsquo;\u00e9tendent \u00e0 tous les \u00c9tats membres actuels de l&rsquo;Union Europ\u00e9enne et de l&rsquo;Espace \u00c9conomique Europ\u00e9en.<\/p>\n<p>&nbsp;<\/p>\n<p><strong>Cookie<\/strong><br \/>\nPetit fichier de donn\u00e9es stock\u00e9 dans l&rsquo;appareil de l&rsquo;Utilisateur.<\/p>\n<p>&nbsp;<\/p>\n<p><strong>R\u00e9f\u00e9rences l\u00e9gales<\/strong><br \/>\nLa pr\u00e9sente politique de confidentialit\u00e9 est r\u00e9dig\u00e9e sur la base de plusieurs l\u00e9gislations, y compris les articles 13 et 14 du R\u00e8glement (UE) 2016\/679.<\/p>\n<p>Sauf indication contraire, cette politique de confidentialit\u00e9 concerne exclusivement ce site web.<\/p>\n","protected":false},"excerpt":{"rendered":"<p>Politique de confidentialit\u00e9 de RentMeNow! &#8211; OffRoad Ce site web collecte certaines Donn\u00e9es Personnelles de ses Utilisateurs. Responsable du traitement des donn\u00e9es RentMeNow! &#8211; OffRoad Adresse e-mail du Responsable : info@rentmenow.it Types de donn\u00e9es collect\u00e9es Parmi les Donn\u00e9es Personnelles collect\u00e9es&#8230;<\/p>\n","protected":false},"author":1,"featured_media":0,"parent":0,"menu_order":0,"comment_status":"closed","ping_status":"closed","template":"","meta":{"footnotes":""},"class_list":["post-8840","page","type-page","status-publish","hentry"],"yoast_head":"<!-- This site is optimized with the Yoast SEO plugin v27.5 - https:\/\/yoast.com\/product\/yoast-seo-wordpress\/ -->\n<title>Politique de confidentialit\u00e9 - RentMeNow! - Off Road<\/title>\n<meta name=\"description\" content=\"Veuillez lire notre politique de confidentialit\u00e9. Loue un v\u00e9lo et un scooter pour visiter Cefal\u00f9 et ses environs. R\u00e9serve maintenant !\" \/>\n<meta name=\"robots\" content=\"index, follow, max-snippet:-1, max-image-preview:large, max-video-preview:-1\" \/>\n<link rel=\"canonical\" href=\"https:\/\/www.rentmenow.it\/fr\/politique-de-confidentialite-2\/\" \/>\n<meta property=\"og:locale\" content=\"fr_FR\" \/>\n<meta property=\"og:type\" content=\"article\" \/>\n<meta property=\"og:title\" content=\"Politique de confidentialit\u00e9 - RentMeNow! - Off Road\" \/>\n<meta property=\"og:description\" content=\"Veuillez lire notre politique de confidentialit\u00e9. Loue un v\u00e9lo et un scooter pour visiter Cefal\u00f9 et ses environs. R\u00e9serve maintenant !\" \/>\n<meta property=\"og:url\" content=\"https:\/\/www.rentmenow.it\/fr\/politique-de-confidentialite-2\/\" \/>\n<meta property=\"og:site_name\" content=\"RentMeNow! - Off Road\" \/>\n<meta property=\"article:publisher\" content=\"https:\/\/www.facebook.com\/rentmenow.it\/\" \/>\n<meta name=\"twitter:card\" content=\"summary_large_image\" \/>\n<meta name=\"twitter:label1\" content=\"Dur\u00e9e de lecture estim\u00e9e\" \/>\n\t<meta name=\"twitter:data1\" content=\"13 minutes\" \/>\n<script type=\"application\/ld+json\" class=\"yoast-schema-graph\">{\"@context\":\"https:\\\/\\\/schema.org\",\"@graph\":[{\"@type\":\"WebPage\",\"@id\":\"https:\\\/\\\/www.rentmenow.it\\\/fr\\\/politique-de-confidentialite-2\\\/\",\"url\":\"https:\\\/\\\/www.rentmenow.it\\\/fr\\\/politique-de-confidentialite-2\\\/\",\"name\":\"Politique de confidentialit\u00e9 - RentMeNow! - Off Road\",\"isPartOf\":{\"@id\":\"https:\\\/\\\/www.rentmenow.it\\\/fr\\\/#website\"},\"datePublished\":\"2021-04-14T09:47:49+00:00\",\"description\":\"Veuillez lire notre politique de confidentialit\u00e9. Loue un v\u00e9lo et un scooter pour visiter Cefal\u00f9 et ses environs. R\u00e9serve maintenant !\",\"breadcrumb\":{\"@id\":\"https:\\\/\\\/www.rentmenow.it\\\/fr\\\/politique-de-confidentialite-2\\\/#breadcrumb\"},\"inLanguage\":\"fr-FR\",\"potentialAction\":[{\"@type\":\"ReadAction\",\"target\":[\"https:\\\/\\\/www.rentmenow.it\\\/fr\\\/politique-de-confidentialite-2\\\/\"]}]},{\"@type\":\"BreadcrumbList\",\"@id\":\"https:\\\/\\\/www.rentmenow.it\\\/fr\\\/politique-de-confidentialite-2\\\/#breadcrumb\",\"itemListElement\":[{\"@type\":\"ListItem\",\"position\":1,\"name\":\"Domicile\",\"item\":\"https:\\\/\\\/www.rentmenow.it\\\/fr\\\/accueil\\\/\"},{\"@type\":\"ListItem\",\"position\":2,\"name\":\"Politique de confidentialit\u00e9\"}]},{\"@type\":\"WebSite\",\"@id\":\"https:\\\/\\\/www.rentmenow.it\\\/fr\\\/#website\",\"url\":\"https:\\\/\\\/www.rentmenow.it\\\/fr\\\/\",\"name\":\"RentMeNow! Noleggio scooter Cefal\u00f9\",\"description\":\"Noleggio scooter Cefal\u00f9\",\"publisher\":{\"@id\":\"https:\\\/\\\/www.rentmenow.it\\\/fr\\\/#organization\"},\"potentialAction\":[{\"@type\":\"SearchAction\",\"target\":{\"@type\":\"EntryPoint\",\"urlTemplate\":\"https:\\\/\\\/www.rentmenow.it\\\/fr\\\/?s={search_term_string}\"},\"query-input\":{\"@type\":\"PropertyValueSpecification\",\"valueRequired\":true,\"valueName\":\"search_term_string\"}}],\"inLanguage\":\"fr-FR\"},{\"@type\":\"Organization\",\"@id\":\"https:\\\/\\\/www.rentmenow.it\\\/fr\\\/#organization\",\"name\":\"Rent Me Now!\",\"url\":\"https:\\\/\\\/www.rentmenow.it\\\/fr\\\/\",\"logo\":{\"@type\":\"ImageObject\",\"inLanguage\":\"fr-FR\",\"@id\":\"https:\\\/\\\/www.rentmenow.it\\\/fr\\\/#\\\/schema\\\/logo\\\/image\\\/\",\"url\":\"https:\\\/\\\/www.rentmenow.it\\\/wp-content\\\/uploads\\\/2021\\\/07\\\/rentmenow_logo_small_Tavola-disegno-1.png\",\"contentUrl\":\"https:\\\/\\\/www.rentmenow.it\\\/wp-content\\\/uploads\\\/2021\\\/07\\\/rentmenow_logo_small_Tavola-disegno-1.png\",\"width\":315,\"height\":71,\"caption\":\"Rent Me Now!\"},\"image\":{\"@id\":\"https:\\\/\\\/www.rentmenow.it\\\/fr\\\/#\\\/schema\\\/logo\\\/image\\\/\"},\"sameAs\":[\"https:\\\/\\\/www.facebook.com\\\/rentmenow.it\\\/\"]}]}<\/script>\n<!-- \/ Yoast SEO plugin. -->","yoast_head_json":{"title":"Politique de confidentialit\u00e9 - RentMeNow! - Off Road","description":"Veuillez lire notre politique de confidentialit\u00e9. Loue un v\u00e9lo et un scooter pour visiter Cefal\u00f9 et ses environs. R\u00e9serve maintenant !","robots":{"index":"index","follow":"follow","max-snippet":"max-snippet:-1","max-image-preview":"max-image-preview:large","max-video-preview":"max-video-preview:-1"},"canonical":"https:\/\/www.rentmenow.it\/fr\/politique-de-confidentialite-2\/","og_locale":"fr_FR","og_type":"article","og_title":"Politique de confidentialit\u00e9 - RentMeNow! - Off Road","og_description":"Veuillez lire notre politique de confidentialit\u00e9. Loue un v\u00e9lo et un scooter pour visiter Cefal\u00f9 et ses environs. R\u00e9serve maintenant !","og_url":"https:\/\/www.rentmenow.it\/fr\/politique-de-confidentialite-2\/","og_site_name":"RentMeNow! - Off Road","article_publisher":"https:\/\/www.facebook.com\/rentmenow.it\/","twitter_card":"summary_large_image","twitter_misc":{"Dur\u00e9e de lecture estim\u00e9e":"13 minutes"},"schema":{"@context":"https:\/\/schema.org","@graph":[{"@type":"WebPage","@id":"https:\/\/www.rentmenow.it\/fr\/politique-de-confidentialite-2\/","url":"https:\/\/www.rentmenow.it\/fr\/politique-de-confidentialite-2\/","name":"Politique de confidentialit\u00e9 - RentMeNow! - Off Road","isPartOf":{"@id":"https:\/\/www.rentmenow.it\/fr\/#website"},"datePublished":"2021-04-14T09:47:49+00:00","description":"Veuillez lire notre politique de confidentialit\u00e9. Loue un v\u00e9lo et un scooter pour visiter Cefal\u00f9 et ses environs. R\u00e9serve maintenant !","breadcrumb":{"@id":"https:\/\/www.rentmenow.it\/fr\/politique-de-confidentialite-2\/#breadcrumb"},"inLanguage":"fr-FR","potentialAction":[{"@type":"ReadAction","target":["https:\/\/www.rentmenow.it\/fr\/politique-de-confidentialite-2\/"]}]},{"@type":"BreadcrumbList","@id":"https:\/\/www.rentmenow.it\/fr\/politique-de-confidentialite-2\/#breadcrumb","itemListElement":[{"@type":"ListItem","position":1,"name":"Domicile","item":"https:\/\/www.rentmenow.it\/fr\/accueil\/"},{"@type":"ListItem","position":2,"name":"Politique de confidentialit\u00e9"}]},{"@type":"WebSite","@id":"https:\/\/www.rentmenow.it\/fr\/#website","url":"https:\/\/www.rentmenow.it\/fr\/","name":"RentMeNow! Noleggio scooter Cefal\u00f9","description":"Noleggio scooter Cefal\u00f9","publisher":{"@id":"https:\/\/www.rentmenow.it\/fr\/#organization"},"potentialAction":[{"@type":"SearchAction","target":{"@type":"EntryPoint","urlTemplate":"https:\/\/www.rentmenow.it\/fr\/?s={search_term_string}"},"query-input":{"@type":"PropertyValueSpecification","valueRequired":true,"valueName":"search_term_string"}}],"inLanguage":"fr-FR"},{"@type":"Organization","@id":"https:\/\/www.rentmenow.it\/fr\/#organization","name":"Rent Me Now!","url":"https:\/\/www.rentmenow.it\/fr\/","logo":{"@type":"ImageObject","inLanguage":"fr-FR","@id":"https:\/\/www.rentmenow.it\/fr\/#\/schema\/logo\/image\/","url":"https:\/\/www.rentmenow.it\/wp-content\/uploads\/2021\/07\/rentmenow_logo_small_Tavola-disegno-1.png","contentUrl":"https:\/\/www.rentmenow.it\/wp-content\/uploads\/2021\/07\/rentmenow_logo_small_Tavola-disegno-1.png","width":315,"height":71,"caption":"Rent Me Now!"},"image":{"@id":"https:\/\/www.rentmenow.it\/fr\/#\/schema\/logo\/image\/"},"sameAs":["https:\/\/www.facebook.com\/rentmenow.it\/"]}]}},"_links":{"self":[{"href":"https:\/\/www.rentmenow.it\/fr\/wp-json\/wp\/v2\/pages\/8840","targetHints":{"allow":["GET"]}}],"collection":[{"href":"https:\/\/www.rentmenow.it\/fr\/wp-json\/wp\/v2\/pages"}],"about":[{"href":"https:\/\/www.rentmenow.it\/fr\/wp-json\/wp\/v2\/types\/page"}],"author":[{"embeddable":true,"href":"https:\/\/www.rentmenow.it\/fr\/wp-json\/wp\/v2\/users\/1"}],"replies":[{"embeddable":true,"href":"https:\/\/www.rentmenow.it\/fr\/wp-json\/wp\/v2\/comments?post=8840"}],"version-history":[{"count":0,"href":"https:\/\/www.rentmenow.it\/fr\/wp-json\/wp\/v2\/pages\/8840\/revisions"}],"wp:attachment":[{"href":"https:\/\/www.rentmenow.it\/fr\/wp-json\/wp\/v2\/media?parent=8840"}],"curies":[{"name":"wp","href":"https:\/\/api.w.org\/{rel}","templated":true}]}}