{"id":8831,"date":"2021-04-14T09:28:30","date_gmt":"2021-04-14T09:28:30","guid":{"rendered":"https:\/\/www.rentmenow.it\/politique-de-confidentialite\/"},"modified":"2021-04-14T09:28:30","modified_gmt":"2021-04-14T09:28:30","slug":"politique-de-confidentialite","status":"publish","type":"page","link":"https:\/\/www.rentmenow.it\/fr\/politique-de-confidentialite\/","title":{"rendered":"Politique de confidentialit\u00e9"},"content":{"rendered":"<h1>Politique de confidentialit\u00e9 de <strong>RentMeNow! &#8211; OffRoad<\/strong><\/h1>\n<p>Ce site web collecte certaines Donn\u00e9es Personnelles de ses Utilisateurs. Responsable du Traitement des Donn\u00e9es <strong>RentMeNow! &#8211; OffRoad<\/strong> Adresse email du Responsable : <strong>info@rentmenow.it<\/strong> <strong>Types de Donn\u00e9es collect\u00e9es<\/strong> Parmi les Donn\u00e9es Personnelles collect\u00e9es par ce site web, de mani\u00e8re autonome ou par l&rsquo;interm\u00e9diaire de tiers, il y a : Cookies et Donn\u00e9es d&rsquo;utilisation. Des d\u00e9tails complets sur chaque type de donn\u00e9es collect\u00e9es sont fournis dans les sections d\u00e9di\u00e9es de cette politique de confidentialit\u00e9 ou au moyen de textes informatifs sp\u00e9cifiques affich\u00e9s avant la collecte des donn\u00e9es elles-m\u00eames. Les Donn\u00e9es Personnelles peuvent \u00eatre librement fournies par l&rsquo;Utilisateur ou, dans le cas de Donn\u00e9es d&rsquo;Utilisation, collect\u00e9es automatiquement lors de l&rsquo;utilisation de ce site web. Sauf indication contraire, toutes les Donn\u00e9es demand\u00e9es par ce site web sont obligatoires. Si l&rsquo;Utilisateur refuse de les communiquer, il pourrait \u00eatre impossible pour ce site web de fournir le Service. Dans les cas o\u00f9 ce site web indique certaines Donn\u00e9es comme facultatives, les Utilisateurs sont libres de s&rsquo;abstenir de communiquer ces Donn\u00e9es, sans que cela ait une quelconque cons\u00e9quence sur la disponibilit\u00e9 du Service ou sur son fonctionnement. Les Utilisateurs qui auraient des doutes sur quelles Donn\u00e9es sont obligatoires, sont encourag\u00e9s \u00e0 contacter le Responsable. L&rsquo;\u00e9ventuelle utilisation de Cookies &#8211; ou d&rsquo;autres outils de tra\u00e7age &#8211; par ce site web ou par les responsables des services tiers utilis\u00e9s par ce site web, sauf indication contraire, a pour finalit\u00e9 de fournir le Service demand\u00e9 par l&rsquo;Utilisateur, en plus des finalit\u00e9s suppl\u00e9mentaires d\u00e9crites dans le pr\u00e9sent document et dans la Politique des Cookies, si disponible. L&rsquo;Utilisateur assume la responsabilit\u00e9 des Donn\u00e9es Personnelles de tiers obtenues, publi\u00e9es ou partag\u00e9es au moyen de ce site web et garantit avoir le droit de les communiquer ou de les diffuser, lib\u00e9rant le Responsable de toute responsabilit\u00e9 envers les tiers.         <\/p>\n<h1> <\/h1>\n<h2>Modalit\u00e9s et lieu du traitement des Donn\u00e9es collect\u00e9es<\/h2>\n<h3> <\/h3>\n<h3>Modalit\u00e9s de traitement<\/h3>\n<p>Le Responsable adopte les mesures de s\u00e9curit\u00e9 appropri\u00e9es visant \u00e0 emp\u00eacher l&rsquo;acc\u00e8s, la divulgation, la modification ou la destruction non autoris\u00e9s des Donn\u00e9es Personnelles. Le traitement est effectu\u00e9 au moyen d&rsquo;outils informatiques et\/ou t\u00e9l\u00e9matiques, avec des modalit\u00e9s organisationnelles et avec des logiques \u00e9troitement li\u00e9es aux finalit\u00e9s indiqu\u00e9es. Outre le Responsable, dans certains cas, pourraient avoir acc\u00e8s aux Donn\u00e9es d&rsquo;autres sujets impliqu\u00e9s dans l&rsquo;organisation de ce site web (personnel administratif, commercial, marketing, juridique, administrateurs de syst\u00e8me) ou des sujets externes (comme des fournisseurs de services techniques tiers, transporteurs postaux, h\u00e9bergeurs, soci\u00e9t\u00e9s informatiques, agences de communication) nomm\u00e9s aussi, si n\u00e9cessaire, Responsables du Traitement par le Responsable. La liste mise \u00e0 jour des Responsables pourra toujours \u00eatre demand\u00e9e au Responsable du Traitement.   <\/p>\n<h3> <\/h3>\n<h3>Base juridique du traitement<\/h3>\n<p>Le Responsable traite des Donn\u00e9es Personnelles relatives \u00e0 l&rsquo;Utilisateur dans le cas o\u00f9 subsiste une des conditions suivantes :<\/p>\n<ul>\n<li>l&rsquo;Utilisateur a donn\u00e9 son consentement pour une ou plusieurs finalit\u00e9s sp\u00e9cifiques ; Note : dans certains syst\u00e8mes juridiques le Responsable peut \u00eatre autoris\u00e9 \u00e0 traiter des Donn\u00e9es Personnelles sans que doive subsister le consentement de l&rsquo;Utilisateur ou une autre des bases juridiques sp\u00e9cifi\u00e9es ci-dessous, jusqu&rsquo;\u00e0 ce que<\/li>\n<li>l&rsquo;Utilisateur ne s&rsquo;oppose (\u00ab opt-out \u00bb) \u00e0 ce traitement. Ceci n&rsquo;est toutefois pas applicable lorsque le traitement de Donn\u00e9es Personnelles est r\u00e9gi par la l\u00e9gislation europ\u00e9enne en mati\u00e8re de protection des Donn\u00e9es Personnelles ; <\/li>\n<li>le traitement est n\u00e9cessaire \u00e0 l&rsquo;ex\u00e9cution d&rsquo;un contrat avec l&rsquo;Utilisateur et\/ou \u00e0 l&rsquo;ex\u00e9cution de mesures pr\u00e9contractuelles ;<\/li>\n<li>le traitement est n\u00e9cessaire pour respecter une obligation l\u00e9gale \u00e0 laquelle est soumis le Responsable ;<\/li>\n<li>le traitement est n\u00e9cessaire pour l&rsquo;ex\u00e9cution d&rsquo;une t\u00e2che d&rsquo;int\u00e9r\u00eat public ou pour l&rsquo;exercice de pouvoirs publics dont est investi le Responsable ;<\/li>\n<li>le traitement est n\u00e9cessaire pour la poursuite de l&rsquo;int\u00e9r\u00eat l\u00e9gitime du Responsable ou de tiers.<\/li>\n<\/ul>\n<p>Il est de toute fa\u00e7on toujours possible de demander au Responsable de clarifier la base juridique concr\u00e8te de chaque traitement et en particulier de sp\u00e9cifier si le traitement est bas\u00e9 sur la loi, pr\u00e9vu par un contrat ou n\u00e9cessaire pour conclure un contrat.<\/p>\n<h3> <\/h3>\n<h3>Lieu<\/h3>\n<p>Les Donn\u00e9es sont trait\u00e9es dans les si\u00e8ges op\u00e9rationnels du Responsable et en tout autre lieu o\u00f9 les parties impliqu\u00e9es dans le traitement sont localis\u00e9es. Pour plus d&rsquo;informations, contacte le Responsable. Les Donn\u00e9es Personnelles de l&rsquo;Utilisateur pourraient \u00eatre transf\u00e9r\u00e9es dans un pays diff\u00e9rent de celui o\u00f9 l&rsquo;Utilisateur se trouve. Pour obtenir plus d&rsquo;informations sur le lieu du traitement l&rsquo;Utilisateur peut se r\u00e9f\u00e9rer \u00e0 la section relative aux d\u00e9tails sur le traitement des Donn\u00e9es Personnelles. L&rsquo;Utilisateur a le droit d&rsquo;obtenir des informations concernant la base juridique du transfert de Donn\u00e9es en dehors de l&rsquo;Union Europ\u00e9enne ou vers une organisation internationale de droit international public ou constitu\u00e9e par deux ou plusieurs pays, comme par exemple l&rsquo;ONU, ainsi que concernant les mesures de s\u00e9curit\u00e9 adopt\u00e9es par le Responsable pour prot\u00e9ger les Donn\u00e9es. Si l&rsquo;un des transferts d\u00e9crits ci-dessus a lieu, l&rsquo;Utilisateur peut se r\u00e9f\u00e9rer aux sections respectives de ce document ou demander des informations au Responsable en le contactant aux coordonn\u00e9es indiqu\u00e9es en ouverture.     <\/p>\n<h3> <\/h3>\n<h3>P\u00e9riode de conservation<\/h3>\n<p>Les Donn\u00e9es sont trait\u00e9es et conserv\u00e9es pour le temps requis par les finalit\u00e9s pour lesquelles elles ont \u00e9t\u00e9 collect\u00e9es. <strong>Par cons\u00e9quent :<\/strong> Les Donn\u00e9es Personnelles collect\u00e9es \u00e0 des fins li\u00e9es \u00e0 l&rsquo;ex\u00e9cution d&rsquo;un contrat entre le Responsable et l&rsquo;Utilisateur seront conserv\u00e9es jusqu&rsquo;\u00e0 ce que soit achev\u00e9e l&rsquo;ex\u00e9cution de ce contrat. Les Donn\u00e9es Personnelles collect\u00e9es \u00e0 des fins li\u00e9es \u00e0 l&rsquo;int\u00e9r\u00eat l\u00e9gitime du Responsable seront conserv\u00e9es jusqu&rsquo;\u00e0 la satisfaction de cet int\u00e9r\u00eat. L&rsquo;Utilisateur peut obtenir plus d&rsquo;informations concernant l&rsquo;int\u00e9r\u00eat l\u00e9gitime poursuivi par le Responsable dans les sections relatives de ce document ou en contactant le Responsable. Quand le traitement est bas\u00e9 sur le consentement de l&rsquo;Utilisateur, le Responsable peut conserver les Donn\u00e9es Personnelles plus longtemps jusqu&rsquo;\u00e0 ce que ce consentement ne soit r\u00e9voqu\u00e9. De plus le Responsable pourrait \u00eatre oblig\u00e9 de conserver les Donn\u00e9es Personnelles pour une p\u00e9riode plus longue en conformit\u00e9 avec une obligation de loi ou sur ordre d&rsquo;une autorit\u00e9. \u00c0 la fin de la p\u00e9riode de conservation les Donn\u00e9es Personnelles seront supprim\u00e9es. Par cons\u00e9quent, \u00e0 l&rsquo;expiration de ce terme le droit d&rsquo;acc\u00e8s, de suppression, de rectification et le droit \u00e0 la portabilit\u00e9 des Donn\u00e9es ne pourront plus \u00eatre exerc\u00e9s.      <\/p>\n<h3> <\/h3>\n<h3>Finalit\u00e9s du Traitement des Donn\u00e9es collect\u00e9es<\/h3>\n<p>Les Donn\u00e9es de l&rsquo;Utilisateur sont collect\u00e9es pour permettre au Responsable de fournir ses propres Services, ainsi que pour les finalit\u00e9s suivantes : Statistiques. Pour obtenir plus d&rsquo;informations d\u00e9taill\u00e9es sur les finalit\u00e9s du traitement et sur les Donn\u00e9es Personnelles concr\u00e8tement pertinentes pour chaque finalit\u00e9, l&rsquo;Utilisateur peut se r\u00e9f\u00e9rer aux sections relatives de ce document. <strong>D\u00e9tails sur le traitement des Donn\u00e9es Personnelles<\/strong> Les Donn\u00e9es Personnelles sont collect\u00e9es pour les finalit\u00e9s suivantes et en utilisant les services suivants : <\/p>\n<ul>\n<li><strong>Statistiques<\/strong> Les services contenus dans la pr\u00e9sente section permettent au Responsable du Traitement de surveiller et analyser les donn\u00e9es de trafic et servent \u00e0 suivre le comportement de l&rsquo;Utilisateur.<\/li>\n<li><strong>Matomo<\/strong> Matomo est un logiciel de statistiques utilis\u00e9 par ce site web pour analyser les donn\u00e9es de mani\u00e8re directe et sans l&rsquo;aide de tiers.<\/li>\n<\/ul>\n<p><strong>Donn\u00e9es Personnelles collect\u00e9es : Cookies et Donn\u00e9es d&rsquo;utilisation.<\/strong><\/p>\n<h3> <\/h3>\n<h3>Droits de l&rsquo;Utilisateur<\/h3>\n<p>Les Utilisateurs peuvent exercer certains droits en r\u00e9f\u00e9rence aux Donn\u00e9es trait\u00e9es par le Responsable. <strong>En particulier, l&rsquo;Utilisateur a le droit de :<\/strong><\/p>\n<ul>\n<li>r\u00e9voquer le consentement \u00e0 tout moment. L&rsquo;Utilisateur peut r\u00e9voquer le consentement au traitement de ses propres Donn\u00e9es Personnelles pr\u00e9c\u00e9demment exprim\u00e9. <\/li>\n<li>s&rsquo;opposer au traitement de ses propres Donn\u00e9es. L&rsquo;Utilisateur peut s&rsquo;opposer au traitement de ses propres Donn\u00e9es quand celui-ci a lieu sur une base juridique diff\u00e9rente du consentement. Des d\u00e9tails suppl\u00e9mentaires sur le droit d&rsquo;opposition sont indiqu\u00e9s dans la section ci-dessous.  <\/li>\n<li>acc\u00e9der \u00e0 ses propres Donn\u00e9es. L&rsquo;Utilisateur a le droit d&rsquo;obtenir des informations sur les Donn\u00e9es trait\u00e9es par le Responsable, sur certains aspects du traitement et de recevoir une copie des Donn\u00e9es trait\u00e9es. <\/li>\n<li>v\u00e9rifier et demander la rectification. L&rsquo;Utilisateur peut v\u00e9rifier l&rsquo;exactitude de ses propres Donn\u00e9es et en demander la mise \u00e0 jour ou la correction. <\/li>\n<li>obtenir la limitation du traitement. Quand certaines conditions sont r\u00e9unies, l&rsquo;Utilisateur peut demander la limitation du traitement de ses propres Donn\u00e9es. Dans ce cas le Responsable ne traitera pas les Donn\u00e9es pour aucun autre but que leur conservation. obtenir la suppression ou l&rsquo;effacement de ses propres Donn\u00e9es Personnelles. Quand certaines conditions sont r\u00e9unies, l&rsquo;Utilisateur peut demander la suppression de ses propres Donn\u00e9es par le Responsable.    <\/li>\n<li>recevoir ses propres Donn\u00e9es ou les faire transf\u00e9rer \u00e0 un autre responsable. L&rsquo;Utilisateur a le droit de recevoir ses propres Donn\u00e9es dans un format structur\u00e9, d&rsquo;usage commun et lisible par dispositif automatique et, o\u00f9 techniquement faisable, d&rsquo;en obtenir le transfert sans obstacles vers un autre responsable. Cette disposition est applicable quand les Donn\u00e9es sont trait\u00e9es avec des outils automatis\u00e9s et le traitement est bas\u00e9 sur le consentement de l&rsquo;Utilisateur, sur un contrat dont l&rsquo;Utilisateur est partie ou sur des mesures contractuelles qui y sont li\u00e9es.  <\/li>\n<li>pr\u00e9senter une r\u00e9clamation. L&rsquo;Utilisateur peut pr\u00e9senter une r\u00e9clamation \u00e0 l&rsquo;autorit\u00e9 de contr\u00f4le de la protection des donn\u00e9es personnelles comp\u00e9tente ou agir en justice. <\/li>\n<\/ul>\n<h3> <\/h3>\n<h3>D\u00e9tails sur le droit d&rsquo;opposition<\/h3>\n<p>Quand les Donn\u00e9es Personnelles sont trait\u00e9es dans l&rsquo;int\u00e9r\u00eat public, dans l&rsquo;exercice de pouvoirs publics dont est investi le Responsable ou pour poursuivre un int\u00e9r\u00eat l\u00e9gitime du Responsable, les Utilisateurs ont le droit de s&rsquo;opposer au traitement pour des motifs li\u00e9s \u00e0 leur situation particuli\u00e8re. Il est rappel\u00e9 aux Utilisateurs que, si leurs Donn\u00e9es \u00e9taient trait\u00e9es \u00e0 des fins de marketing direct, ils peuvent s&rsquo;opposer au traitement sans fournir aucune motivation. Pour d\u00e9couvrir si le Responsable traite des donn\u00e9es \u00e0 des fins de marketing direct les Utilisateurs peuvent se r\u00e9f\u00e9rer aux sections respectives de ce document.  <\/p>\n<h3> <\/h3>\n<h3>Comment exercer les droits<\/h3>\n<p>Pour exercer les droits de l&rsquo;Utilisateur, les Utilisateurs peuvent adresser une demande aux coordonn\u00e9es de contact du Responsable indiqu\u00e9es dans ce document. Les demandes sont d\u00e9pos\u00e9es \u00e0 titre gratuit et trait\u00e9es par le Responsable dans les plus brefs d\u00e9lais, en tout cas dans un d\u00e9lai d&rsquo;un mois. <\/p>\n<h3> <\/h3>\n<h3>Informations suppl\u00e9mentaires sur le traitement<\/h3>\n<p><strong>D\u00e9fense en justice<\/strong> Les Donn\u00e9es Personnelles de l&rsquo;Utilisateur peuvent \u00eatre utilis\u00e9es par le Responsable en justice ou dans les phases pr\u00e9paratoires \u00e0 son \u00e9ventuelle instauration pour la d\u00e9fense contre des abus dans l&rsquo;utilisation de ce site web ou des Services connexes de la part de l&rsquo;Utilisateur. L&rsquo;Utilisateur d\u00e9clare \u00eatre conscient que le Responsable pourrait \u00eatre oblig\u00e9 de r\u00e9v\u00e9ler les Donn\u00e9es sur ordre des autorit\u00e9s publiques. <strong>Informations sp\u00e9cifiques<\/strong> Sur demande de l&rsquo;Utilisateur, en plus des informations contenues dans cette politique de confidentialit\u00e9, ce site web pourrait fournir \u00e0 l&rsquo;Utilisateur des informations suppl\u00e9mentaires et contextuelles concernant des Services sp\u00e9cifiques, ou la collecte et le traitement de Donn\u00e9es Personnelles. <strong>Logs de syst\u00e8me et maintenance<\/strong> Pour des n\u00e9cessit\u00e9s li\u00e9es au fonctionnement et \u00e0 la maintenance, ce site web et les \u00e9ventuels services tiers qu&rsquo;il utilise pourraient collecter des Logs de syst\u00e8me, c&rsquo;est-\u00e0-dire des fichiers qui enregistrent les interactions et qui peuvent contenir aussi des Donn\u00e9es Personnelles, comme l&rsquo;adresse IP Utilisateur. <strong>Informations non contenues dans cette politique<\/strong> Des informations suppl\u00e9mentaires en relation avec le traitement des Donn\u00e9es Personnelles pourront \u00eatre demand\u00e9es \u00e0 tout moment au Responsable du Traitement en utilisant les coordonn\u00e9es de contact. <strong>R\u00e9ponse aux demandes \u00ab Do Not Track \u00bb<\/strong> Ce site web ne supporte pas les demandes \u00ab Do Not Track \u00bb. Pour d\u00e9couvrir si les \u00e9ventuels services de tierces parties utilis\u00e9s les supportent, l&rsquo;Utilisateur est invit\u00e9 \u00e0 consulter les politiques de confidentialit\u00e9 respectives. <strong>Modifications de cette politique de confidentialit\u00e9<\/strong> Le Responsable du Traitement se r\u00e9serve le droit d&rsquo;apporter des modifications \u00e0 la pr\u00e9sente politique de confidentialit\u00e9 \u00e0 tout moment en en donnant information aux Utilisateurs sur cette page et, si possible, sur ce site web ainsi que, lorsque techniquement et l\u00e9galement faisable, en envoyant une notification aux Utilisateurs \u00e0 travers l&rsquo;une des coordonn\u00e9es de contact dont dispose le Responsable. Il est donc pri\u00e9 de consulter r\u00e9guli\u00e8rement cette page, en se r\u00e9f\u00e9rant \u00e0 la date de derni\u00e8re modification indiqu\u00e9e en bas. Si les modifications concernent des traitements dont la base juridique est le consentement, le Responsable proc\u00e9dera \u00e0 collecter \u00e0 nouveau le consentement de l&rsquo;Utilisateur, si n\u00e9cessaire.    <\/p>\n<h1> <\/h1>\n<h2>D\u00e9finitions et r\u00e9f\u00e9rences l\u00e9gales<\/h2>\n<p><strong>Donn\u00e9es Personnelles (ou Donn\u00e9es)<\/strong> Constitue une donn\u00e9e personnelle toute information qui, directement ou indirectement, m\u00eame en liaison avec toute autre information, y compris un num\u00e9ro d&rsquo;identification personnel, rend identifi\u00e9e ou identifiable une personne physique. <strong>Donn\u00e9es d&rsquo;Utilisation<\/strong> Ce sont les informations collect\u00e9es automatiquement \u00e0 travers ce site web (m\u00eame par des applications de parties tierces int\u00e9gr\u00e9es dans ce site web), parmi lesquelles : les adresses IP ou les noms de domaine des ordinateurs utilis\u00e9s par l&rsquo;Utilisateur qui se connecte avec ce site web, les adresses en notation URI (Uniform Resource Identifier), l&rsquo;horaire de la demande, la m\u00e9thode utilis\u00e9e pour transmettre la demande au serveur, la taille du fichier obtenu en r\u00e9ponse, le code num\u00e9rique indiquant l&rsquo;\u00e9tat de la r\u00e9ponse du serveur (bonne fin, erreur, etc.) le pays de provenance, les caract\u00e9ristiques du navigateur et du syst\u00e8me d&rsquo;exploitation utilis\u00e9s par le visiteur, les diverses connotations temporelles de la visite (par exemple le temps de permanence sur chaque page) et les d\u00e9tails relatifs \u00e0 l&rsquo;itin\u00e9raire suivi \u00e0 l&rsquo;int\u00e9rieur du site web, avec une r\u00e9f\u00e9rence particuli\u00e8re \u00e0 la s\u00e9quence des pages consult\u00e9es, aux param\u00e8tres relatifs au syst\u00e8me d&rsquo;exploitation et \u00e0 l&rsquo;environnement informatique de l&rsquo;Utilisateur. <strong>Utilisateur<\/strong> L&rsquo;individu qui utilise ce site web qui, sauf indication contraire, co\u00efncide avec la Personne concern\u00e9e. <strong>Personne concern\u00e9e<\/strong> La personne physique \u00e0 laquelle se r\u00e9f\u00e8rent les Donn\u00e9es Personnelles. <strong>Responsable du Traitement (ou Responsable)<\/strong> La personne physique, juridique, l&rsquo;administration publique et tout autre organisme qui traite des donn\u00e9es personnelles pour le compte du Responsable, selon ce qui est expos\u00e9 dans la pr\u00e9sente politique de confidentialit\u00e9. <strong>Responsable du Traitement (ou Responsable)<\/strong> La personne physique ou juridique, l&rsquo;autorit\u00e9 publique, le service ou autre organisme qui, individuellement ou conjointement avec d&rsquo;autres, d\u00e9termine les finalit\u00e9s et les moyens du traitement de donn\u00e9es personnelles et les outils adopt\u00e9s, y compris les mesures de s\u00e9curit\u00e9 relatives au fonctionnement et \u00e0 la jouissance de ce site web. Le Responsable du Traitement, sauf indication contraire, est le propri\u00e9taire de ce site web. <strong>Ce site web<\/strong> L&rsquo;outil mat\u00e9riel ou logiciel au moyen duquel sont collect\u00e9es et trait\u00e9es les Donn\u00e9es Personnelles des Utilisateurs. <strong>Service<\/strong> Le Service fourni par ce site web tel que d\u00e9fini dans les termes relatifs (s&rsquo;ils sont pr\u00e9sents) sur ce site. <strong>Union Europ\u00e9enne (ou UE)<\/strong> Sauf indication contraire, toute r\u00e9f\u00e9rence \u00e0 l&rsquo;Union Europ\u00e9enne contenue dans ce document s&rsquo;entend \u00e9tendue \u00e0 tous les \u00e9tats membres actuels de l&rsquo;Union Europ\u00e9enne et de l&rsquo;Espace \u00c9conomique Europ\u00e9en. <strong>Cookie<\/strong> Petite portion de donn\u00e9es conserv\u00e9e \u00e0 l&rsquo;int\u00e9rieur du dispositif de l&rsquo;Utilisateur. <strong>R\u00e9f\u00e9rences l\u00e9gales<\/strong> La pr\u00e9sente information sur la confidentialit\u00e9 est r\u00e9dig\u00e9e sur la base de multiples syst\u00e8mes l\u00e9gislatifs, y compris les art. 13 et 14 du R\u00e8glement (UE) 2016\/679. Sauf indication contraire, cette information sur la confidentialit\u00e9 concerne exclusivement ce site web.       <\/p>\n","protected":false},"excerpt":{"rendered":"<p>Politique de confidentialit\u00e9 de RentMeNow! &#8211; OffRoad Ce site web collecte certaines Donn\u00e9es Personnelles de ses Utilisateurs. Responsable du Traitement des Donn\u00e9es RentMeNow! &#8211; OffRoad Adresse email du Responsable : info@rentmenow.it Types de Donn\u00e9es collect\u00e9es Parmi les Donn\u00e9es Personnelles collect\u00e9es&#8230;<\/p>\n","protected":false},"author":1,"featured_media":0,"parent":0,"menu_order":0,"comment_status":"closed","ping_status":"open","template":"","meta":{"footnotes":""},"class_list":["post-8831","page","type-page","status-publish","hentry"],"yoast_head":"<!-- This site is optimized with the Yoast SEO plugin v27.5 - https:\/\/yoast.com\/product\/yoast-seo-wordpress\/ -->\n<title>Politique de confidentialit\u00e9 - RentMeNow! - Off Road<\/title>\n<meta name=\"description\" content=\"Merci de consulter notre politique de confidentialit\u00e9. Loue un v\u00e9lo et un scooter pour visiter Cefal\u00f9 et ses environs. R\u00e9serve maintenant !\" \/>\n<meta name=\"robots\" content=\"index, follow, max-snippet:-1, max-image-preview:large, max-video-preview:-1\" \/>\n<link rel=\"canonical\" href=\"https:\/\/www.rentmenow.it\/fr\/politique-de-confidentialite\/\" \/>\n<meta property=\"og:locale\" content=\"fr_FR\" \/>\n<meta property=\"og:type\" content=\"article\" \/>\n<meta property=\"og:title\" content=\"Politique de confidentialit\u00e9 - RentMeNow! - Off Road\" \/>\n<meta property=\"og:description\" content=\"Merci de consulter notre politique de confidentialit\u00e9. Loue un v\u00e9lo et un scooter pour visiter Cefal\u00f9 et ses environs. R\u00e9serve maintenant !\" \/>\n<meta property=\"og:url\" content=\"https:\/\/www.rentmenow.it\/fr\/politique-de-confidentialite\/\" \/>\n<meta property=\"og:site_name\" content=\"RentMeNow! - Off Road\" \/>\n<meta property=\"article:publisher\" content=\"https:\/\/www.facebook.com\/rentmenow.it\/\" \/>\n<meta name=\"twitter:card\" content=\"summary_large_image\" \/>\n<meta name=\"twitter:label1\" content=\"Dur\u00e9e de lecture estim\u00e9e\" \/>\n\t<meta name=\"twitter:data1\" content=\"14 minutes\" \/>\n<script type=\"application\/ld+json\" class=\"yoast-schema-graph\">{\"@context\":\"https:\\\/\\\/schema.org\",\"@graph\":[{\"@type\":\"WebPage\",\"@id\":\"https:\\\/\\\/www.rentmenow.it\\\/fr\\\/politique-de-confidentialite\\\/\",\"url\":\"https:\\\/\\\/www.rentmenow.it\\\/fr\\\/politique-de-confidentialite\\\/\",\"name\":\"Politique de confidentialit\u00e9 - RentMeNow! - Off Road\",\"isPartOf\":{\"@id\":\"https:\\\/\\\/www.rentmenow.it\\\/fr\\\/#website\"},\"datePublished\":\"2021-04-14T09:28:30+00:00\",\"description\":\"Merci de consulter notre politique de confidentialit\u00e9. Loue un v\u00e9lo et un scooter pour visiter Cefal\u00f9 et ses environs. R\u00e9serve maintenant !\",\"breadcrumb\":{\"@id\":\"https:\\\/\\\/www.rentmenow.it\\\/fr\\\/politique-de-confidentialite\\\/#breadcrumb\"},\"inLanguage\":\"fr-FR\",\"potentialAction\":[{\"@type\":\"ReadAction\",\"target\":[\"https:\\\/\\\/www.rentmenow.it\\\/fr\\\/politique-de-confidentialite\\\/\"]}]},{\"@type\":\"BreadcrumbList\",\"@id\":\"https:\\\/\\\/www.rentmenow.it\\\/fr\\\/politique-de-confidentialite\\\/#breadcrumb\",\"itemListElement\":[{\"@type\":\"ListItem\",\"position\":1,\"name\":\"Domicile\",\"item\":\"https:\\\/\\\/www.rentmenow.it\\\/fr\\\/accueil\\\/\"},{\"@type\":\"ListItem\",\"position\":2,\"name\":\"Politique de confidentialit\u00e9\"}]},{\"@type\":\"WebSite\",\"@id\":\"https:\\\/\\\/www.rentmenow.it\\\/fr\\\/#website\",\"url\":\"https:\\\/\\\/www.rentmenow.it\\\/fr\\\/\",\"name\":\"RentMeNow! Noleggio scooter Cefal\u00f9\",\"description\":\"Noleggio scooter Cefal\u00f9\",\"publisher\":{\"@id\":\"https:\\\/\\\/www.rentmenow.it\\\/fr\\\/#organization\"},\"potentialAction\":[{\"@type\":\"SearchAction\",\"target\":{\"@type\":\"EntryPoint\",\"urlTemplate\":\"https:\\\/\\\/www.rentmenow.it\\\/fr\\\/?s={search_term_string}\"},\"query-input\":{\"@type\":\"PropertyValueSpecification\",\"valueRequired\":true,\"valueName\":\"search_term_string\"}}],\"inLanguage\":\"fr-FR\"},{\"@type\":\"Organization\",\"@id\":\"https:\\\/\\\/www.rentmenow.it\\\/fr\\\/#organization\",\"name\":\"Rent Me Now!\",\"url\":\"https:\\\/\\\/www.rentmenow.it\\\/fr\\\/\",\"logo\":{\"@type\":\"ImageObject\",\"inLanguage\":\"fr-FR\",\"@id\":\"https:\\\/\\\/www.rentmenow.it\\\/fr\\\/#\\\/schema\\\/logo\\\/image\\\/\",\"url\":\"https:\\\/\\\/www.rentmenow.it\\\/wp-content\\\/uploads\\\/2021\\\/07\\\/rentmenow_logo_small_Tavola-disegno-1.png\",\"contentUrl\":\"https:\\\/\\\/www.rentmenow.it\\\/wp-content\\\/uploads\\\/2021\\\/07\\\/rentmenow_logo_small_Tavola-disegno-1.png\",\"width\":315,\"height\":71,\"caption\":\"Rent Me Now!\"},\"image\":{\"@id\":\"https:\\\/\\\/www.rentmenow.it\\\/fr\\\/#\\\/schema\\\/logo\\\/image\\\/\"},\"sameAs\":[\"https:\\\/\\\/www.facebook.com\\\/rentmenow.it\\\/\"]}]}<\/script>\n<!-- \/ Yoast SEO plugin. -->","yoast_head_json":{"title":"Politique de confidentialit\u00e9 - RentMeNow! - Off Road","description":"Merci de consulter notre politique de confidentialit\u00e9. Loue un v\u00e9lo et un scooter pour visiter Cefal\u00f9 et ses environs. R\u00e9serve maintenant !","robots":{"index":"index","follow":"follow","max-snippet":"max-snippet:-1","max-image-preview":"max-image-preview:large","max-video-preview":"max-video-preview:-1"},"canonical":"https:\/\/www.rentmenow.it\/fr\/politique-de-confidentialite\/","og_locale":"fr_FR","og_type":"article","og_title":"Politique de confidentialit\u00e9 - RentMeNow! - Off Road","og_description":"Merci de consulter notre politique de confidentialit\u00e9. Loue un v\u00e9lo et un scooter pour visiter Cefal\u00f9 et ses environs. R\u00e9serve maintenant !","og_url":"https:\/\/www.rentmenow.it\/fr\/politique-de-confidentialite\/","og_site_name":"RentMeNow! - Off Road","article_publisher":"https:\/\/www.facebook.com\/rentmenow.it\/","twitter_card":"summary_large_image","twitter_misc":{"Dur\u00e9e de lecture estim\u00e9e":"14 minutes"},"schema":{"@context":"https:\/\/schema.org","@graph":[{"@type":"WebPage","@id":"https:\/\/www.rentmenow.it\/fr\/politique-de-confidentialite\/","url":"https:\/\/www.rentmenow.it\/fr\/politique-de-confidentialite\/","name":"Politique de confidentialit\u00e9 - RentMeNow! - Off Road","isPartOf":{"@id":"https:\/\/www.rentmenow.it\/fr\/#website"},"datePublished":"2021-04-14T09:28:30+00:00","description":"Merci de consulter notre politique de confidentialit\u00e9. Loue un v\u00e9lo et un scooter pour visiter Cefal\u00f9 et ses environs. R\u00e9serve maintenant !","breadcrumb":{"@id":"https:\/\/www.rentmenow.it\/fr\/politique-de-confidentialite\/#breadcrumb"},"inLanguage":"fr-FR","potentialAction":[{"@type":"ReadAction","target":["https:\/\/www.rentmenow.it\/fr\/politique-de-confidentialite\/"]}]},{"@type":"BreadcrumbList","@id":"https:\/\/www.rentmenow.it\/fr\/politique-de-confidentialite\/#breadcrumb","itemListElement":[{"@type":"ListItem","position":1,"name":"Domicile","item":"https:\/\/www.rentmenow.it\/fr\/accueil\/"},{"@type":"ListItem","position":2,"name":"Politique de confidentialit\u00e9"}]},{"@type":"WebSite","@id":"https:\/\/www.rentmenow.it\/fr\/#website","url":"https:\/\/www.rentmenow.it\/fr\/","name":"RentMeNow! Noleggio scooter Cefal\u00f9","description":"Noleggio scooter Cefal\u00f9","publisher":{"@id":"https:\/\/www.rentmenow.it\/fr\/#organization"},"potentialAction":[{"@type":"SearchAction","target":{"@type":"EntryPoint","urlTemplate":"https:\/\/www.rentmenow.it\/fr\/?s={search_term_string}"},"query-input":{"@type":"PropertyValueSpecification","valueRequired":true,"valueName":"search_term_string"}}],"inLanguage":"fr-FR"},{"@type":"Organization","@id":"https:\/\/www.rentmenow.it\/fr\/#organization","name":"Rent Me Now!","url":"https:\/\/www.rentmenow.it\/fr\/","logo":{"@type":"ImageObject","inLanguage":"fr-FR","@id":"https:\/\/www.rentmenow.it\/fr\/#\/schema\/logo\/image\/","url":"https:\/\/www.rentmenow.it\/wp-content\/uploads\/2021\/07\/rentmenow_logo_small_Tavola-disegno-1.png","contentUrl":"https:\/\/www.rentmenow.it\/wp-content\/uploads\/2021\/07\/rentmenow_logo_small_Tavola-disegno-1.png","width":315,"height":71,"caption":"Rent Me Now!"},"image":{"@id":"https:\/\/www.rentmenow.it\/fr\/#\/schema\/logo\/image\/"},"sameAs":["https:\/\/www.facebook.com\/rentmenow.it\/"]}]}},"_links":{"self":[{"href":"https:\/\/www.rentmenow.it\/fr\/wp-json\/wp\/v2\/pages\/8831","targetHints":{"allow":["GET"]}}],"collection":[{"href":"https:\/\/www.rentmenow.it\/fr\/wp-json\/wp\/v2\/pages"}],"about":[{"href":"https:\/\/www.rentmenow.it\/fr\/wp-json\/wp\/v2\/types\/page"}],"author":[{"embeddable":true,"href":"https:\/\/www.rentmenow.it\/fr\/wp-json\/wp\/v2\/users\/1"}],"replies":[{"embeddable":true,"href":"https:\/\/www.rentmenow.it\/fr\/wp-json\/wp\/v2\/comments?post=8831"}],"version-history":[{"count":0,"href":"https:\/\/www.rentmenow.it\/fr\/wp-json\/wp\/v2\/pages\/8831\/revisions"}],"wp:attachment":[{"href":"https:\/\/www.rentmenow.it\/fr\/wp-json\/wp\/v2\/media?parent=8831"}],"curies":[{"name":"wp","href":"https:\/\/api.w.org\/{rel}","templated":true}]}}